{"version":"1.0","provider_name":"Diario Textual","provider_url":"https:\/\/diariotextual.com\/inicio","author_name":"Diario1 Diario1","author_url":"https:\/\/diariotextual.com\/inicio\/index.php\/author\/diario1\/","title":"\"Paren de matarnos\", el grito en el pa\u00f1uelazo en Santa Rosa - Diario Textual","type":"rich","width":600,"height":338,"html":"<blockquote class=\"wp-embedded-content\" data-secret=\"q3O9XEJ52H\"><a href=\"https:\/\/diariotextual.com\/inicio\/index.php\/2019\/09\/21\/paren-matarnos-grito-panuelazo-santa-rosa\/\">\u00abParen de matarnos\u00bb, el grito en el pa\u00f1uelazo en Santa Rosa<\/a><\/blockquote><iframe sandbox=\"allow-scripts\" security=\"restricted\" src=\"https:\/\/diariotextual.com\/inicio\/index.php\/2019\/09\/21\/paren-matarnos-grito-panuelazo-santa-rosa\/embed\/#?secret=q3O9XEJ52H\" width=\"600\" height=\"338\" title=\"\u00ab\u00abParen de matarnos\u00bb, el grito en el pa\u00f1uelazo en Santa Rosa\u00bb \u2014 Diario Textual\" data-secret=\"q3O9XEJ52H\" frameborder=\"0\" marginwidth=\"0\" marginheight=\"0\" scrolling=\"no\" class=\"wp-embedded-content\"><\/iframe><script type=\"text\/javascript\">\n\/* <![CDATA[ *\/\n\/*! This file is auto-generated *\/\n!function(d,l){\"use strict\";l.querySelector&&d.addEventListener&&\"undefined\"!=typeof URL&&(d.wp=d.wp||{},d.wp.receiveEmbedMessage||(d.wp.receiveEmbedMessage=function(e){var t=e.data;if((t||t.secret||t.message||t.value)&&!\/[^a-zA-Z0-9]\/.test(t.secret)){for(var s,r,n,a=l.querySelectorAll('iframe[data-secret=\"'+t.secret+'\"]'),o=l.querySelectorAll('blockquote[data-secret=\"'+t.secret+'\"]'),c=new RegExp(\"^https?:$\",\"i\"),i=0;i<o.length;i++)o[i].style.display=\"none\";for(i=0;i<a.length;i++)s=a[i],e.source===s.contentWindow&&(s.removeAttribute(\"style\"),\"height\"===t.message?(1e3<(r=parseInt(t.value,10))?r=1e3:~~r<200&&(r=200),s.height=r):\"link\"===t.message&&(r=new URL(s.getAttribute(\"src\")),n=new URL(t.value),c.test(n.protocol))&&n.host===r.host&&l.activeElement===s&&(d.top.location.href=t.value))}},d.addEventListener(\"message\",d.wp.receiveEmbedMessage,!1),l.addEventListener(\"DOMContentLoaded\",function(){for(var e,t,s=l.querySelectorAll(\"iframe.wp-embedded-content\"),r=0;r<s.length;r++)(t=(e=s[r]).getAttribute(\"data-secret\"))||(t=Math.random().toString(36).substring(2,12),e.src+=\"#?secret=\"+t,e.setAttribute(\"data-secret\",t)),e.contentWindow.postMessage({message:\"ready\",secret:t},\"*\")},!1)))}(window,document);\n\/* ]]> *\/\n<\/script>\n","thumbnail_url":"https:\/\/diariotextual.com\/inicio\/wp-content\/uploads\/2019\/09\/pa\u00f1uelazosantarosa21septiembre2019-3.jpg","thumbnail_width":1200,"thumbnail_height":693,"description":"Este s\u00e1bado 21 de septiembre, en todo el pa\u00eds se movilizaron en lo que denominaron \u00abLa Primavera Rosa\u00bb\u00a0para exigir la declaraci\u00f3n de la Emergencia Nacional en Violencia Contra las Mujeres.&hellip;"}