{"id":179103,"date":"2022-02-14T15:32:19","date_gmt":"2022-02-14T18:32:19","guid":{"rendered":"https:\/\/diariotextual.com\/inicio\/?page_id=179103"},"modified":"2026-04-27T22:13:03","modified_gmt":"2026-04-28T01:13:03","slug":"diario-textual-2","status":"publish","type":"page","link":"https:\/\/diariotextual.com\/inicio\/","title":{"rendered":"Diario Textual"},"content":{"rendered":"\t\t<div data-elementor-type=\"wp-page\" data-elementor-id=\"179103\" class=\"elementor elementor-179103\" data-elementor-post-type=\"page\">\n\t\t\t\t\t\t<section class=\"elementor-section elementor-top-section elementor-element elementor-element-75caeff elementor-section-content-middle elementor-hidden-desktop elementor-hidden-tablet elementor-hidden-mobile elementor-section-boxed elementor-section-height-default elementor-section-height-default\" data-id=\"75caeff\" data-element_type=\"section\" data-e-type=\"section\" data-settings=\"{&quot;background_background&quot;:&quot;classic&quot;}\">\n\t\t\t\t\t\t<div class=\"elementor-container elementor-column-gap-default\">\n\t\t\t\t\t<div class=\"elementor-column elementor-col-50 elementor-top-column elementor-element elementor-element-c42a3a4\" data-id=\"c42a3a4\" data-element_type=\"column\" data-e-type=\"column\">\n\t\t\t<div class=\"elementor-widget-wrap elementor-element-populated\">\n\t\t\t\t\t\t<div class=\"elementor-element elementor-element-1abddaf elementor-widget__width-initial elementor-widget elementor-widget-heading\" data-id=\"1abddaf\" data-element_type=\"widget\" data-e-type=\"widget\" data-widget_type=\"heading.default\">\n\t\t\t\t<div class=\"elementor-widget-container\">\n\t\t\t\t\t<h2 class=\"elementor-heading-title elementor-size-default\"><a href=\"https:\/\/www.radiokermes.com\/live\/\" target=\"_blank\">Radio Textual<\/a><\/h2>\t\t\t\t<\/div>\n\t\t\t\t<\/div>\n\t\t\t\t\t<\/div>\n\t\t<\/div>\n\t\t\t\t<div class=\"elementor-column elementor-col-50 elementor-top-column elementor-element elementor-element-9428718\" data-id=\"9428718\" data-element_type=\"column\" data-e-type=\"column\">\n\t\t\t<div class=\"elementor-widget-wrap elementor-element-populated\">\n\t\t\t\t\t\t<div class=\"elementor-element elementor-element-ea3d073 elementor-widget__width-initial elementor-widget elementor-widget-image\" data-id=\"ea3d073\" data-element_type=\"widget\" data-e-type=\"widget\" data-widget_type=\"image.default\">\n\t\t\t\t<div class=\"elementor-widget-container\">\n\t\t\t\t\t\t\t\t\t\t\t\t\t\t\t\t<a href=\"https:\/\/www.radiokermes.com\/live\/\" target=\"_blank\">\n\t\t\t\t\t\t\t<img fetchpriority=\"high\" decoding=\"async\" width=\"450\" height=\"200\" src=\"https:\/\/diariotextual.com\/inicio\/wp-content\/uploads\/2022\/07\/escucha-en-vivo-1.png\" class=\"attachment-large size-large wp-image-193051\" alt=\"\" srcset=\"https:\/\/diariotextual.com\/inicio\/wp-content\/uploads\/2022\/07\/escucha-en-vivo-1.png 450w, https:\/\/diariotextual.com\/inicio\/wp-content\/uploads\/2022\/07\/escucha-en-vivo-1-300x133.png 300w\" sizes=\"(max-width: 450px) 100vw, 450px\" \/>\t\t\t\t\t\t\t\t<\/a>\n\t\t\t\t\t\t\t\t\t\t\t\t\t\t\t<\/div>\n\t\t\t\t<\/div>\n\t\t\t\t\t<\/div>\n\t\t<\/div>\n\t\t\t\t\t<\/div>\n\t\t<\/section>\n\t\t\t\t<section class=\"elementor-section elementor-top-section elementor-element elementor-element-2c4a09ab elementor-section-boxed elementor-section-height-default elementor-section-height-default\" data-id=\"2c4a09ab\" data-element_type=\"section\" data-e-type=\"section\">\n\t\t\t\t\t\t<div class=\"elementor-container elementor-column-gap-default\">\n\t\t\t\t\t<div class=\"elementor-column elementor-col-100 elementor-top-column elementor-element elementor-element-bad4aba\" data-id=\"bad4aba\" data-element_type=\"column\" data-e-type=\"column\">\n\t\t\t<div class=\"elementor-widget-wrap elementor-element-populated\">\n\t\t\t\t\t\t<div class=\"elementor-element elementor-element-176f4872 elementor-grid-3 elementor-grid-tablet-2 elementor-grid-mobile-1 elementor-posts--thumbnail-top elementor-card-shadow-yes elementor-posts__hover-gradient elementor-widget elementor-widget-posts\" data-id=\"176f4872\" data-element_type=\"widget\" data-e-type=\"widget\" data-settings=\"{&quot;cards_columns&quot;:&quot;3&quot;,&quot;cards_columns_tablet&quot;:&quot;2&quot;,&quot;cards_columns_mobile&quot;:&quot;1&quot;,&quot;cards_row_gap&quot;:{&quot;unit&quot;:&quot;px&quot;,&quot;size&quot;:35,&quot;sizes&quot;:[]},&quot;cards_row_gap_tablet&quot;:{&quot;unit&quot;:&quot;px&quot;,&quot;size&quot;:&quot;&quot;,&quot;sizes&quot;:[]},&quot;cards_row_gap_mobile&quot;:{&quot;unit&quot;:&quot;px&quot;,&quot;size&quot;:&quot;&quot;,&quot;sizes&quot;:[]}}\" data-widget_type=\"posts.cards\">\n\t\t\t\t<div class=\"elementor-widget-container\">\n\t\t\t\t\t\t\t<div class=\"elementor-posts-container elementor-posts elementor-posts--skin-cards elementor-grid\">\n\t\t\t\t<article class=\"elementor-post elementor-grid-item post-325827 post type-post status-publish format-standard has-post-thumbnail hentry category-destacadas category-sociedad\">\n\t\t\t<div class=\"elementor-post__card\">\n\t\t\t\t<a class=\"elementor-post__thumbnail__link\" href=\"https:\/\/diariotextual.com\/inicio\/index.php\/2026\/04\/27\/fuerte-presencia-de-la-cpe-en-la-expo-dinamica-con-energia-gas-y-capacitacion\/\" tabindex=\"-1\" ><div class=\"elementor-post__thumbnail\"><img decoding=\"async\" width=\"1100\" height=\"698\" src=\"https:\/\/diariotextual.com\/inicio\/wp-content\/uploads\/2026\/04\/cpeexpodinamica2026-11.jpg\" class=\"attachment-full size-full wp-image-325829\" alt=\"\" srcset=\"https:\/\/diariotextual.com\/inicio\/wp-content\/uploads\/2026\/04\/cpeexpodinamica2026-11.jpg 1100w, https:\/\/diariotextual.com\/inicio\/wp-content\/uploads\/2026\/04\/cpeexpodinamica2026-11-300x190.jpg 300w, https:\/\/diariotextual.com\/inicio\/wp-content\/uploads\/2026\/04\/cpeexpodinamica2026-11-1024x650.jpg 1024w, https:\/\/diariotextual.com\/inicio\/wp-content\/uploads\/2026\/04\/cpeexpodinamica2026-11-768x487.jpg 768w, https:\/\/diariotextual.com\/inicio\/wp-content\/uploads\/2026\/04\/cpeexpodinamica2026-11-585x371.jpg 585w\" sizes=\"(max-width: 1100px) 100vw, 1100px\" \/><\/div><\/a>\n\t\t\t\t<div class=\"elementor-post__text\">\n\t\t\t\t<h3 class=\"elementor-post__title\">\n\t\t\t<a href=\"https:\/\/diariotextual.com\/inicio\/index.php\/2026\/04\/27\/fuerte-presencia-de-la-cpe-en-la-expo-dinamica-con-energia-gas-y-capacitacion\/\" >\n\t\t\t\tFuerte presencia de la CPE en la Expo Din\u00e1mica con energ\u00eda, gas y capacitaci\u00f3n\t\t\t<\/a>\n\t\t<\/h3>\n\t\t\t\t<\/div>\n\t\t\t\t<div class=\"elementor-post__meta-data\">\n\t\t\t\t\t<span class=\"elementor-post-date\">\n\t\t\t27 de abril de 2026\t\t<\/span>\n\t\t\t\t<\/div>\n\t\t\t\t\t<\/div>\n\t\t<\/article>\n\t\t\t\t<article class=\"elementor-post elementor-grid-item post-325821 post type-post status-publish format-standard has-post-thumbnail hentry category-destacadas category-cultura\">\n\t\t\t<div class=\"elementor-post__card\">\n\t\t\t\t<a class=\"elementor-post__thumbnail__link\" href=\"https:\/\/diariotextual.com\/inicio\/index.php\/2026\/04\/27\/general-pico-lanzo-la-10a-edicion-del-festival-nacional-de-cine\/\" tabindex=\"-1\" ><div class=\"elementor-post__thumbnail\"><img decoding=\"async\" width=\"1000\" height=\"667\" src=\"https:\/\/diariotextual.com\/inicio\/wp-content\/uploads\/2026\/04\/festivalcinepico2026.jpg\" class=\"attachment-full size-full wp-image-325824\" alt=\"\" srcset=\"https:\/\/diariotextual.com\/inicio\/wp-content\/uploads\/2026\/04\/festivalcinepico2026.jpg 1000w, https:\/\/diariotextual.com\/inicio\/wp-content\/uploads\/2026\/04\/festivalcinepico2026-300x200.jpg 300w, https:\/\/diariotextual.com\/inicio\/wp-content\/uploads\/2026\/04\/festivalcinepico2026-768x512.jpg 768w, https:\/\/diariotextual.com\/inicio\/wp-content\/uploads\/2026\/04\/festivalcinepico2026-585x390.jpg 585w, https:\/\/diariotextual.com\/inicio\/wp-content\/uploads\/2026\/04\/festivalcinepico2026-263x175.jpg 263w\" sizes=\"(max-width: 1000px) 100vw, 1000px\" \/><\/div><\/a>\n\t\t\t\t<div class=\"elementor-post__text\">\n\t\t\t\t<h3 class=\"elementor-post__title\">\n\t\t\t<a href=\"https:\/\/diariotextual.com\/inicio\/index.php\/2026\/04\/27\/general-pico-lanzo-la-10a-edicion-del-festival-nacional-de-cine\/\" >\n\t\t\t\tGeneral Pico lanz\u00f3 la 10\u00aa edici\u00f3n del Festival Nacional de Cine\t\t\t<\/a>\n\t\t<\/h3>\n\t\t\t\t<\/div>\n\t\t\t\t<div class=\"elementor-post__meta-data\">\n\t\t\t\t\t<span class=\"elementor-post-date\">\n\t\t\t27 de abril de 2026\t\t<\/span>\n\t\t\t\t<\/div>\n\t\t\t\t\t<\/div>\n\t\t<\/article>\n\t\t\t\t<article class=\"elementor-post elementor-grid-item post-325819 post type-post status-publish format-standard has-post-thumbnail hentry category-destacadas category-politica\">\n\t\t\t<div class=\"elementor-post__card\">\n\t\t\t\t<a class=\"elementor-post__thumbnail__link\" href=\"https:\/\/diariotextual.com\/inicio\/index.php\/2026\/04\/27\/soy-coherente-con-la-historia-de-la-pampa-el-equilibrio-fiscal-es-innegociable-dice-ziliotto\/\" tabindex=\"-1\" ><div class=\"elementor-post__thumbnail\"><img loading=\"lazy\" decoding=\"async\" width=\"1300\" height=\"867\" src=\"https:\/\/diariotextual.com\/inicio\/wp-content\/uploads\/2026\/03\/ziliottosergiolegislaturaaperturasesiones2026-7.jpg\" class=\"attachment-full size-full wp-image-321103\" alt=\"\" srcset=\"https:\/\/diariotextual.com\/inicio\/wp-content\/uploads\/2026\/03\/ziliottosergiolegislaturaaperturasesiones2026-7.jpg 1300w, https:\/\/diariotextual.com\/inicio\/wp-content\/uploads\/2026\/03\/ziliottosergiolegislaturaaperturasesiones2026-7-300x200.jpg 300w, https:\/\/diariotextual.com\/inicio\/wp-content\/uploads\/2026\/03\/ziliottosergiolegislaturaaperturasesiones2026-7-1024x683.jpg 1024w, https:\/\/diariotextual.com\/inicio\/wp-content\/uploads\/2026\/03\/ziliottosergiolegislaturaaperturasesiones2026-7-768x512.jpg 768w, https:\/\/diariotextual.com\/inicio\/wp-content\/uploads\/2026\/03\/ziliottosergiolegislaturaaperturasesiones2026-7-1170x780.jpg 1170w, https:\/\/diariotextual.com\/inicio\/wp-content\/uploads\/2026\/03\/ziliottosergiolegislaturaaperturasesiones2026-7-585x390.jpg 585w, https:\/\/diariotextual.com\/inicio\/wp-content\/uploads\/2026\/03\/ziliottosergiolegislaturaaperturasesiones2026-7-263x175.jpg 263w\" sizes=\"(max-width: 1300px) 100vw, 1300px\" \/><\/div><\/a>\n\t\t\t\t<div class=\"elementor-post__text\">\n\t\t\t\t<h3 class=\"elementor-post__title\">\n\t\t\t<a href=\"https:\/\/diariotextual.com\/inicio\/index.php\/2026\/04\/27\/soy-coherente-con-la-historia-de-la-pampa-el-equilibrio-fiscal-es-innegociable-dice-ziliotto\/\" >\n\t\t\t\t\u201cSoy coherente con la historia de La Pampa: el equilibrio fiscal es innegociable\u201d, dice Ziliotto\t\t\t<\/a>\n\t\t<\/h3>\n\t\t\t\t<\/div>\n\t\t\t\t<div class=\"elementor-post__meta-data\">\n\t\t\t\t\t<span class=\"elementor-post-date\">\n\t\t\t27 de abril de 2026\t\t<\/span>\n\t\t\t\t<\/div>\n\t\t\t\t\t<\/div>\n\t\t<\/article>\n\t\t\t\t<\/div>\n\t\t\n\t\t\t\t\t\t<\/div>\n\t\t\t\t<\/div>\n\t\t\t\t\t<\/div>\n\t\t<\/div>\n\t\t\t\t\t<\/div>\n\t\t<\/section>\n\t\t\t\t<section class=\"elementor-section elementor-top-section elementor-element elementor-element-2254b68 elementor-section-boxed elementor-section-height-default elementor-section-height-default\" data-id=\"2254b68\" data-element_type=\"section\" data-e-type=\"section\">\n\t\t\t\t\t\t<div class=\"elementor-container elementor-column-gap-default\">\n\t\t\t\t\t<div class=\"elementor-column elementor-col-33 elementor-top-column elementor-element elementor-element-41080cb\" data-id=\"41080cb\" data-element_type=\"column\" data-e-type=\"column\">\n\t\t\t<div class=\"elementor-widget-wrap elementor-element-populated\">\n\t\t\t\t\t\t<div class=\"elementor-element elementor-element-67654d9 elementor-grid-1 elementor-grid-tablet-2 elementor-grid-mobile-1 elementor-posts--thumbnail-top elementor-card-shadow-yes elementor-posts__hover-gradient elementor-widget elementor-widget-posts\" data-id=\"67654d9\" data-element_type=\"widget\" data-e-type=\"widget\" data-settings=\"{&quot;cards_columns&quot;:&quot;1&quot;,&quot;cards_row_gap&quot;:{&quot;unit&quot;:&quot;px&quot;,&quot;size&quot;:49,&quot;sizes&quot;:[]},&quot;cards_columns_tablet&quot;:&quot;2&quot;,&quot;cards_columns_mobile&quot;:&quot;1&quot;,&quot;cards_row_gap_tablet&quot;:{&quot;unit&quot;:&quot;px&quot;,&quot;size&quot;:&quot;&quot;,&quot;sizes&quot;:[]},&quot;cards_row_gap_mobile&quot;:{&quot;unit&quot;:&quot;px&quot;,&quot;size&quot;:&quot;&quot;,&quot;sizes&quot;:[]}}\" data-widget_type=\"posts.cards\">\n\t\t\t\t<div class=\"elementor-widget-container\">\n\t\t\t\t\t\t\t<div class=\"elementor-posts-container elementor-posts elementor-posts--skin-cards elementor-grid\">\n\t\t\t\t<article class=\"elementor-post elementor-grid-item post-325832 post type-post status-publish format-standard has-post-thumbnail hentry category-portada category-politica\">\n\t\t\t<div class=\"elementor-post__card\">\n\t\t\t\t<a class=\"elementor-post__thumbnail__link\" href=\"https:\/\/diariotextual.com\/inicio\/index.php\/2026\/04\/27\/no-prospero-la-suspension-de-la-intendenta-de-catrilo-el-pj-y-el-pro-no-lograron-replicar-el-caso-de-santa-isabel\/\" tabindex=\"-1\" ><div class=\"elementor-post__thumbnail\"><img loading=\"lazy\" decoding=\"async\" width=\"834\" height=\"556\" src=\"https:\/\/diariotextual.com\/inicio\/wp-content\/uploads\/2024\/03\/lopezgraciela2024-1.jpg\" class=\"attachment-full size-full wp-image-256210\" alt=\"\" srcset=\"https:\/\/diariotextual.com\/inicio\/wp-content\/uploads\/2024\/03\/lopezgraciela2024-1.jpg 834w, https:\/\/diariotextual.com\/inicio\/wp-content\/uploads\/2024\/03\/lopezgraciela2024-1-300x200.jpg 300w, https:\/\/diariotextual.com\/inicio\/wp-content\/uploads\/2024\/03\/lopezgraciela2024-1-768x512.jpg 768w, https:\/\/diariotextual.com\/inicio\/wp-content\/uploads\/2024\/03\/lopezgraciela2024-1-585x390.jpg 585w, https:\/\/diariotextual.com\/inicio\/wp-content\/uploads\/2024\/03\/lopezgraciela2024-1-263x175.jpg 263w\" sizes=\"(max-width: 834px) 100vw, 834px\" \/><\/div><\/a>\n\t\t\t\t<div class=\"elementor-post__text\">\n\t\t\t\t<h3 class=\"elementor-post__title\">\n\t\t\t<a href=\"https:\/\/diariotextual.com\/inicio\/index.php\/2026\/04\/27\/no-prospero-la-suspension-de-la-intendenta-de-catrilo-el-pj-y-el-pro-no-lograron-replicar-el-caso-de-santa-isabel\/\" >\n\t\t\t\tNo prosper\u00f3 la suspensi\u00f3n de la intendenta de Catril\u00f3: el PJ y el PRO no lograron replicar el caso de Santa Isabel\t\t\t<\/a>\n\t\t<\/h3>\n\t\t\t\t<div class=\"elementor-post__excerpt\">\n\t\t\t<p>El concejo deliberante de Catril\u00f3 rechaz\u00f3 este lunes la suspensi\u00f3n de la intendenta Graciela L\u00f3pez, luego de tratar los dict\u00e1menes de la comisi\u00f3n investigadora que analiz\u00f3 presuntas transgresiones administrativas del<\/p>\n\t\t<\/div>\n\t\t\t\t<\/div>\n\t\t\t\t<div class=\"elementor-post__meta-data\">\n\t\t\t\t\t<span class=\"elementor-post-date\">\n\t\t\t27 de abril de 2026\t\t<\/span>\n\t\t\t\t<\/div>\n\t\t\t\t\t<\/div>\n\t\t<\/article>\n\t\t\t\t<\/div>\n\t\t\n\t\t\t\t\t\t<\/div>\n\t\t\t\t<\/div>\n\t\t\t\t<section class=\"elementor-section elementor-inner-section elementor-element elementor-element-71920ea elementor-section-boxed elementor-section-height-default elementor-section-height-default\" data-id=\"71920ea\" data-element_type=\"section\" data-e-type=\"section\">\n\t\t\t\t\t\t<div class=\"elementor-container elementor-column-gap-default\">\n\t\t\t\t\t<div class=\"elementor-column elementor-col-100 elementor-inner-column elementor-element elementor-element-59db224\" data-id=\"59db224\" data-element_type=\"column\" data-e-type=\"column\">\n\t\t\t<div class=\"elementor-widget-wrap elementor-element-populated\">\n\t\t\t\t\t\t<div class=\"elementor-element elementor-element-23ac882 elementor-widget elementor-widget-html\" data-id=\"23ac882\" data-element_type=\"widget\" data-e-type=\"widget\" data-widget_type=\"html.default\">\n\t\t\t\t<div class=\"elementor-widget-container\">\n\t\t\t\t\t<div id=\"taboola-custom-widget\"><\/div>\r\n<script type=\"text\/javascript\">\r\nwindow._taboola = window._taboola || [];\r\n_taboola.push({\r\nmode: 'thumbnails-1p1',\r\ncontainer: 'taboola-custom-widget',\r\nplacement: 'Custom Widget',\r\ntarget_type: 'mix'\r\n});\r\n<\/script>\t\t\t\t<\/div>\n\t\t\t\t<\/div>\n\t\t\t\t<div class=\"elementor-element elementor-element-9ea297b elementor-widget elementor-widget-image\" data-id=\"9ea297b\" data-element_type=\"widget\" data-e-type=\"widget\" data-widget_type=\"image.default\">\n\t\t\t\t<div class=\"elementor-widget-container\">\n\t\t\t\t\t\t\t\t\t\t\t\t\t\t\t<img loading=\"lazy\" decoding=\"async\" width=\"940\" height=\"115\" src=\"https:\/\/diariotextual.com\/inicio\/wp-content\/uploads\/2024\/02\/bannerlasfille2024-1.gif\" class=\"attachment-large size-large wp-image-253940\" alt=\"\" \/>\t\t\t\t\t\t\t\t\t\t\t\t\t\t\t<\/div>\n\t\t\t\t<\/div>\n\t\t\t\t\t<\/div>\n\t\t<\/div>\n\t\t\t\t\t<\/div>\n\t\t<\/section>\n\t\t\t\t<div class=\"elementor-element elementor-element-6e0661b elementor-grid-2 elementor-grid-tablet-2 elementor-grid-mobile-1 elementor-posts--thumbnail-top elementor-card-shadow-yes elementor-posts__hover-gradient elementor-widget elementor-widget-posts\" data-id=\"6e0661b\" data-element_type=\"widget\" data-e-type=\"widget\" data-settings=\"{&quot;cards_columns&quot;:&quot;2&quot;,&quot;cards_row_gap&quot;:{&quot;unit&quot;:&quot;px&quot;,&quot;size&quot;:45,&quot;sizes&quot;:[]},&quot;cards_columns_tablet&quot;:&quot;2&quot;,&quot;cards_columns_mobile&quot;:&quot;1&quot;,&quot;cards_row_gap_tablet&quot;:{&quot;unit&quot;:&quot;px&quot;,&quot;size&quot;:&quot;&quot;,&quot;sizes&quot;:[]},&quot;cards_row_gap_mobile&quot;:{&quot;unit&quot;:&quot;px&quot;,&quot;size&quot;:&quot;&quot;,&quot;sizes&quot;:[]}}\" data-widget_type=\"posts.cards\">\n\t\t\t\t<div class=\"elementor-widget-container\">\n\t\t\t\t\t\t\t<div class=\"elementor-posts-container elementor-posts elementor-posts--skin-cards elementor-grid\">\n\t\t\t\t<article class=\"elementor-post elementor-grid-item post-325802 post type-post status-publish format-standard has-post-thumbnail hentry category-portada-2 category-sociedad\">\n\t\t\t<div class=\"elementor-post__card\">\n\t\t\t\t<a class=\"elementor-post__thumbnail__link\" href=\"https:\/\/diariotextual.com\/inicio\/index.php\/2026\/04\/27\/arranco-la-semana-de-paro-de-la-docencia-universitaria\/\" tabindex=\"-1\" target=\"_blank\"><div class=\"elementor-post__thumbnail\"><img loading=\"lazy\" decoding=\"async\" width=\"1218\" height=\"785\" src=\"https:\/\/diariotextual.com\/inicio\/wp-content\/uploads\/2025\/06\/unlpam2025-1.jpg\" class=\"attachment-full size-full wp-image-297968\" alt=\"\" srcset=\"https:\/\/diariotextual.com\/inicio\/wp-content\/uploads\/2025\/06\/unlpam2025-1.jpg 1218w, https:\/\/diariotextual.com\/inicio\/wp-content\/uploads\/2025\/06\/unlpam2025-1-300x193.jpg 300w, https:\/\/diariotextual.com\/inicio\/wp-content\/uploads\/2025\/06\/unlpam2025-1-1024x660.jpg 1024w, https:\/\/diariotextual.com\/inicio\/wp-content\/uploads\/2025\/06\/unlpam2025-1-768x495.jpg 768w, https:\/\/diariotextual.com\/inicio\/wp-content\/uploads\/2025\/06\/unlpam2025-1-1170x754.jpg 1170w, https:\/\/diariotextual.com\/inicio\/wp-content\/uploads\/2025\/06\/unlpam2025-1-585x377.jpg 585w\" sizes=\"(max-width: 1218px) 100vw, 1218px\" \/><\/div><\/a>\n\t\t\t\t<div class=\"elementor-post__text\">\n\t\t\t\t<h3 class=\"elementor-post__title\">\n\t\t\t<a href=\"https:\/\/diariotextual.com\/inicio\/index.php\/2026\/04\/27\/arranco-la-semana-de-paro-de-la-docencia-universitaria\/\" target=&quot;_blank&quot;>\n\t\t\t\tArranc\u00f3 la semana de paro de la docencia universitaria\t\t\t<\/a>\n\t\t<\/h3>\n\t\t\t\t<\/div>\n\t\t\t\t<div class=\"elementor-post__meta-data\">\n\t\t\t\t\t<span class=\"elementor-post-date\">\n\t\t\t27 de abril de 2026\t\t<\/span>\n\t\t\t\t<\/div>\n\t\t\t\t\t<\/div>\n\t\t<\/article>\n\t\t\t\t<article class=\"elementor-post elementor-grid-item post-325799 post type-post status-publish format-standard has-post-thumbnail hentry category-portada-2 category-sociedad\">\n\t\t\t<div class=\"elementor-post__card\">\n\t\t\t\t<a class=\"elementor-post__thumbnail__link\" href=\"https:\/\/diariotextual.com\/inicio\/index.php\/2026\/04\/27\/discapacidad-van-a-dejar-sin-cobertura-a-miles-de-personas\/\" tabindex=\"-1\" target=\"_blank\"><div class=\"elementor-post__thumbnail\"><img loading=\"lazy\" decoding=\"async\" width=\"1200\" height=\"900\" src=\"https:\/\/diariotextual.com\/inicio\/wp-content\/uploads\/2026\/04\/discapacidadmanifestacionensantarosa2026-7.jpg\" class=\"attachment-full size-full wp-image-325501\" alt=\"\" srcset=\"https:\/\/diariotextual.com\/inicio\/wp-content\/uploads\/2026\/04\/discapacidadmanifestacionensantarosa2026-7.jpg 1200w, https:\/\/diariotextual.com\/inicio\/wp-content\/uploads\/2026\/04\/discapacidadmanifestacionensantarosa2026-7-300x225.jpg 300w, https:\/\/diariotextual.com\/inicio\/wp-content\/uploads\/2026\/04\/discapacidadmanifestacionensantarosa2026-7-1024x768.jpg 1024w, https:\/\/diariotextual.com\/inicio\/wp-content\/uploads\/2026\/04\/discapacidadmanifestacionensantarosa2026-7-768x576.jpg 768w, https:\/\/diariotextual.com\/inicio\/wp-content\/uploads\/2026\/04\/discapacidadmanifestacionensantarosa2026-7-1170x878.jpg 1170w, https:\/\/diariotextual.com\/inicio\/wp-content\/uploads\/2026\/04\/discapacidadmanifestacionensantarosa2026-7-585x439.jpg 585w\" sizes=\"(max-width: 1200px) 100vw, 1200px\" \/><\/div><\/a>\n\t\t\t\t<div class=\"elementor-post__text\">\n\t\t\t\t<h3 class=\"elementor-post__title\">\n\t\t\t<a href=\"https:\/\/diariotextual.com\/inicio\/index.php\/2026\/04\/27\/discapacidad-van-a-dejar-sin-cobertura-a-miles-de-personas\/\" target=&quot;_blank&quot;>\n\t\t\t\tDiscapacidad: \u201cVan a dejar sin cobertura a miles de personas\u201d\t\t\t<\/a>\n\t\t<\/h3>\n\t\t\t\t<\/div>\n\t\t\t\t<div class=\"elementor-post__meta-data\">\n\t\t\t\t\t<span class=\"elementor-post-date\">\n\t\t\t27 de abril de 2026\t\t<\/span>\n\t\t\t\t<\/div>\n\t\t\t\t\t<\/div>\n\t\t<\/article>\n\t\t\t\t<article class=\"elementor-post elementor-grid-item post-325797 post type-post status-publish format-standard has-post-thumbnail hentry category-portada-2 category-sociedad\">\n\t\t\t<div class=\"elementor-post__card\">\n\t\t\t\t<a class=\"elementor-post__thumbnail__link\" href=\"https:\/\/diariotextual.com\/inicio\/index.php\/2026\/04\/27\/corte-de-prestaciones-de-pami-aceleran-el-momento-del-fallecimiento-de-los-jubilados\/\" tabindex=\"-1\" target=\"_blank\"><div class=\"elementor-post__thumbnail\"><img loading=\"lazy\" decoding=\"async\" width=\"912\" height=\"601\" src=\"https:\/\/diariotextual.com\/inicio\/wp-content\/uploads\/2024\/06\/pamiobrasocial2024-12.jpg\" class=\"attachment-full size-full wp-image-267624\" alt=\"\" srcset=\"https:\/\/diariotextual.com\/inicio\/wp-content\/uploads\/2024\/06\/pamiobrasocial2024-12.jpg 912w, https:\/\/diariotextual.com\/inicio\/wp-content\/uploads\/2024\/06\/pamiobrasocial2024-12-300x198.jpg 300w, https:\/\/diariotextual.com\/inicio\/wp-content\/uploads\/2024\/06\/pamiobrasocial2024-12-768x506.jpg 768w, https:\/\/diariotextual.com\/inicio\/wp-content\/uploads\/2024\/06\/pamiobrasocial2024-12-585x386.jpg 585w\" sizes=\"(max-width: 912px) 100vw, 912px\" \/><\/div><\/a>\n\t\t\t\t<div class=\"elementor-post__text\">\n\t\t\t\t<h3 class=\"elementor-post__title\">\n\t\t\t<a href=\"https:\/\/diariotextual.com\/inicio\/index.php\/2026\/04\/27\/corte-de-prestaciones-de-pami-aceleran-el-momento-del-fallecimiento-de-los-jubilados\/\" target=&quot;_blank&quot;>\n\t\t\t\tCorte de prestaciones de PAMI: \u201cAceleran el momento del fallecimiento de los jubilados\u201d\t\t\t<\/a>\n\t\t<\/h3>\n\t\t\t\t<\/div>\n\t\t\t\t<div class=\"elementor-post__meta-data\">\n\t\t\t\t\t<span class=\"elementor-post-date\">\n\t\t\t27 de abril de 2026\t\t<\/span>\n\t\t\t\t<\/div>\n\t\t\t\t\t<\/div>\n\t\t<\/article>\n\t\t\t\t<article class=\"elementor-post elementor-grid-item post-325787 post type-post status-publish format-standard has-post-thumbnail hentry category-portada-2 category-politica\">\n\t\t\t<div class=\"elementor-post__card\">\n\t\t\t\t<a class=\"elementor-post__thumbnail__link\" href=\"https:\/\/diariotextual.com\/inicio\/index.php\/2026\/04\/27\/atados-con-alambre-la-alianza-imposible-entre-la-ucr-y-la-libertad-avanza\/\" tabindex=\"-1\" target=\"_blank\"><div class=\"elementor-post__thumbnail\"><img loading=\"lazy\" decoding=\"async\" width=\"1200\" height=\"800\" src=\"https:\/\/diariotextual.com\/inicio\/wp-content\/uploads\/2026\/04\/berhongarayravierilustracionia2026-21.jpg\" class=\"attachment-full size-full wp-image-325794\" alt=\"\" srcset=\"https:\/\/diariotextual.com\/inicio\/wp-content\/uploads\/2026\/04\/berhongarayravierilustracionia2026-21.jpg 1200w, https:\/\/diariotextual.com\/inicio\/wp-content\/uploads\/2026\/04\/berhongarayravierilustracionia2026-21-300x200.jpg 300w, https:\/\/diariotextual.com\/inicio\/wp-content\/uploads\/2026\/04\/berhongarayravierilustracionia2026-21-1024x683.jpg 1024w, https:\/\/diariotextual.com\/inicio\/wp-content\/uploads\/2026\/04\/berhongarayravierilustracionia2026-21-768x512.jpg 768w, https:\/\/diariotextual.com\/inicio\/wp-content\/uploads\/2026\/04\/berhongarayravierilustracionia2026-21-1170x780.jpg 1170w, https:\/\/diariotextual.com\/inicio\/wp-content\/uploads\/2026\/04\/berhongarayravierilustracionia2026-21-585x390.jpg 585w, https:\/\/diariotextual.com\/inicio\/wp-content\/uploads\/2026\/04\/berhongarayravierilustracionia2026-21-263x175.jpg 263w\" sizes=\"(max-width: 1200px) 100vw, 1200px\" \/><\/div><\/a>\n\t\t\t\t<div class=\"elementor-post__text\">\n\t\t\t\t<h3 class=\"elementor-post__title\">\n\t\t\t<a href=\"https:\/\/diariotextual.com\/inicio\/index.php\/2026\/04\/27\/atados-con-alambre-la-alianza-imposible-entre-la-ucr-y-la-libertad-avanza\/\" target=&quot;_blank&quot;>\n\t\t\t\tAtados con alambre: la alianza imposible entre la UCR y La Libertad Avanza\t\t\t<\/a>\n\t\t<\/h3>\n\t\t\t\t<\/div>\n\t\t\t\t<div class=\"elementor-post__meta-data\">\n\t\t\t\t\t<span class=\"elementor-post-date\">\n\t\t\t27 de abril de 2026\t\t<\/span>\n\t\t\t\t<\/div>\n\t\t\t\t\t<\/div>\n\t\t<\/article>\n\t\t\t\t<\/div>\n\t\t\n\t\t\t\t\t\t<\/div>\n\t\t\t\t<\/div>\n\t\t\t\t<div class=\"elementor-element elementor-element-87beb79 elementor-widget elementor-widget-image\" data-id=\"87beb79\" data-element_type=\"widget\" data-e-type=\"widget\" data-widget_type=\"image.default\">\n\t\t\t\t<div class=\"elementor-widget-container\">\n\t\t\t\t\t\t\t\t\t\t\t\t\t\t\t\t<a href=\"https:\/\/gentedelapampasa.com.ar\/\" target=\"_blank\">\n\t\t\t\t\t\t\t<img loading=\"lazy\" decoding=\"async\" width=\"650\" height=\"131\" src=\"https:\/\/diariotextual.com\/inicio\/wp-content\/uploads\/2025\/09\/bannergentedelapampa2025-1000.gif\" class=\"attachment-large size-large wp-image-306591\" alt=\"\" \/>\t\t\t\t\t\t\t\t<\/a>\n\t\t\t\t\t\t\t\t\t\t\t\t\t\t\t<\/div>\n\t\t\t\t<\/div>\n\t\t\t\t<div class=\"elementor-element elementor-element-c58e918 elementor-widget elementor-widget-image\" data-id=\"c58e918\" data-element_type=\"widget\" data-e-type=\"widget\" data-widget_type=\"image.default\">\n\t\t\t\t<div class=\"elementor-widget-container\">\n\t\t\t\t\t\t\t\t\t\t\t\t\t\t\t\t<a href=\"https:\/\/www.citialapampa.ar\/convocatoria\/\" target=\"_blank\">\n\t\t\t\t\t\t\t<img loading=\"lazy\" decoding=\"async\" width=\"650\" height=\"150\" src=\"https:\/\/diariotextual.com\/inicio\/wp-content\/uploads\/2025\/12\/bannergobiernoincubacitia2025-1.gif\" class=\"attachment-large size-large wp-image-316107\" alt=\"\" \/>\t\t\t\t\t\t\t\t<\/a>\n\t\t\t\t\t\t\t\t\t\t\t\t\t\t\t<\/div>\n\t\t\t\t<\/div>\n\t\t\t\t<div class=\"elementor-element elementor-element-2ab1efa elementor-widget elementor-widget-image\" data-id=\"2ab1efa\" data-element_type=\"widget\" data-e-type=\"widget\" data-widget_type=\"image.default\">\n\t\t\t\t<div class=\"elementor-widget-container\">\n\t\t\t\t\t\t\t\t\t\t\t\t\t\t\t<img loading=\"lazy\" decoding=\"async\" width=\"1000\" height=\"150\" src=\"https:\/\/diariotextual.com\/inicio\/wp-content\/uploads\/2025\/12\/bannergobiernoevitarincendios2025-7.gif\" class=\"attachment-large size-large wp-image-314350\" alt=\"\" \/>\t\t\t\t\t\t\t\t\t\t\t\t\t\t\t<\/div>\n\t\t\t\t<\/div>\n\t\t\t\t\t<\/div>\n\t\t<\/div>\n\t\t\t\t<div class=\"elementor-column elementor-col-33 elementor-top-column elementor-element elementor-element-a720f38\" data-id=\"a720f38\" data-element_type=\"column\" data-e-type=\"column\">\n\t\t\t<div class=\"elementor-widget-wrap elementor-element-populated\">\n\t\t\t\t\t\t<div class=\"elementor-element elementor-element-eb468cd elementor-widget elementor-widget-sidebar\" data-id=\"eb468cd\" data-element_type=\"widget\" data-e-type=\"widget\" data-widget_type=\"sidebar.default\">\n\t\t\t\t<div class=\"elementor-widget-container\">\n\t\t\t\t\t<aside id=\"recent-posts-widget-with-thumbnails-3\" class=\"widget recent-posts-widget-with-thumbnails\">\n<div id=\"rpwwt-recent-posts-widget-with-thumbnails-3\" class=\"rpwwt-widget\">\r\n\t<ul>\r\n\t\t<li><a href=\"https:\/\/diariotextual.com\/inicio\/index.php\/2026\/04\/27\/este-miercoles-29-en-toay-corte-programado-de-electricidad\/\"><img loading=\"lazy\" decoding=\"async\" width=\"75\" height=\"75\" src=\"https:\/\/diariotextual.com\/inicio\/wp-content\/uploads\/2025\/04\/tendidoelectrico2025-150x150.webp\" class=\"attachment-75x75 size-75x75 wp-post-image\" alt=\"\" \/><span class=\"rpwwt-post-title\">Este mi\u00e9rcoles 29, en Toay, corte programado de electricidad<\/span><\/a><\/li>\r\n\t\t<li><a href=\"https:\/\/diariotextual.com\/inicio\/index.php\/2026\/04\/27\/despacho-favorable-para-declarar-la-emergencia-en-salud-mental\/\"><img loading=\"lazy\" decoding=\"async\" width=\"75\" height=\"75\" src=\"https:\/\/diariotextual.com\/inicio\/wp-content\/uploads\/2024\/07\/saludmental2024-111111-150x150.jpg\" class=\"attachment-75x75 size-75x75 wp-post-image\" alt=\"\" \/><span class=\"rpwwt-post-title\">Despacho favorable para declarar la emergencia en salud mental<\/span><\/a><\/li>\r\n\t\t<li><a href=\"https:\/\/diariotextual.com\/inicio\/index.php\/2026\/04\/27\/madre-condenada-en-pico-dejo-a-su-hijo-en-un-auto-y-se-fue-a-un-bar\/\"><img loading=\"lazy\" decoding=\"async\" width=\"75\" height=\"75\" src=\"https:\/\/diariotextual.com\/inicio\/wp-content\/uploads\/2021\/05\/cerveza3455-150x150.jpg\" class=\"attachment-75x75 size-75x75 wp-post-image\" alt=\"\" \/><span class=\"rpwwt-post-title\">Madre condenada en Pico: dej\u00f3 a su hijo en un auto y se fue a un bar<\/span><\/a><\/li>\r\n\t\t<li><a href=\"https:\/\/diariotextual.com\/inicio\/index.php\/2026\/04\/27\/se-perdieron-80-mil-puestos-de-trabajo-en-la-industria-desde-la-asuncion-de-milei\/\"><img loading=\"lazy\" decoding=\"async\" width=\"75\" height=\"75\" src=\"https:\/\/diariotextual.com\/inicio\/wp-content\/uploads\/2020\/09\/industriasfabricasempleostelam2020-11-150x150.jpg\" class=\"attachment-75x75 size-75x75 wp-post-image\" alt=\"\" \/><span class=\"rpwwt-post-title\">Se perdieron 80 mil puestos de trabajo en la industria desde la asunci\u00f3n de Milei<\/span><\/a><\/li>\r\n\t\t<li><a href=\"https:\/\/diariotextual.com\/inicio\/index.php\/2026\/04\/27\/una-historica-planta-de-electrodomesticos-deja-de-producir-heladeras-y-echara-al-personal-en-rosario\/\"><img loading=\"lazy\" decoding=\"async\" width=\"75\" height=\"75\" src=\"https:\/\/diariotextual.com\/inicio\/wp-content\/uploads\/2026\/04\/electrolux-trabajadores-150x150.jpg\" class=\"attachment-75x75 size-75x75 wp-post-image\" alt=\"\" \/><span class=\"rpwwt-post-title\">Una hist\u00f3rica planta de electrodom\u00e9sticos deja de producir heladeras y echar\u00e1 al personal en Rosario<\/span><\/a><\/li>\r\n\t\t<li><a href=\"https:\/\/diariotextual.com\/inicio\/index.php\/2026\/04\/27\/robo-en-carniceria-de-toay-allanamientos-y-dos-demorados\/\"><img loading=\"lazy\" decoding=\"async\" width=\"75\" height=\"75\" src=\"https:\/\/diariotextual.com\/inicio\/wp-content\/uploads\/2026\/04\/allanamientotoay2026-9999-150x150.jpg\" class=\"attachment-75x75 size-75x75 wp-post-image\" alt=\"\" srcset=\"https:\/\/diariotextual.com\/inicio\/wp-content\/uploads\/2026\/04\/allanamientotoay2026-9999-150x150.jpg 150w, https:\/\/diariotextual.com\/inicio\/wp-content\/uploads\/2026\/04\/allanamientotoay2026-9999-585x585.jpg 585w\" sizes=\"(max-width: 75px) 100vw, 75px\" \/><span class=\"rpwwt-post-title\">Robo en carnicer\u00eda de Toay: allanamientos y dos demorados<\/span><\/a><\/li>\r\n\t\t<li><a href=\"https:\/\/diariotextual.com\/inicio\/index.php\/2026\/04\/26\/murio-un-joven-de-18-anos-al-chocar-contra-una-camioneta-en-arauz\/\"><img loading=\"lazy\" decoding=\"async\" width=\"75\" height=\"75\" src=\"https:\/\/diariotextual.com\/inicio\/wp-content\/uploads\/2026\/04\/choquefatalarauz2026-1-150x150.jpg\" class=\"attachment-75x75 size-75x75 wp-post-image\" alt=\"\" srcset=\"https:\/\/diariotextual.com\/inicio\/wp-content\/uploads\/2026\/04\/choquefatalarauz2026-1-150x150.jpg 150w, https:\/\/diariotextual.com\/inicio\/wp-content\/uploads\/2026\/04\/choquefatalarauz2026-1-585x585.jpg 585w\" sizes=\"(max-width: 75px) 100vw, 75px\" \/><span class=\"rpwwt-post-title\">Un joven de 18 a\u00f1os, en estado cr\u00edtico al chocar contra una camioneta en Arauz<\/span><\/a><\/li>\r\n\t\t<li><a href=\"https:\/\/diariotextual.com\/inicio\/index.php\/2026\/04\/26\/renuncio-carlos-frugoni-el-funcionario-que-reconocio-que-tiene-propiedades-sin-declarar-en-miami\/\"><img loading=\"lazy\" decoding=\"async\" width=\"75\" height=\"75\" src=\"https:\/\/diariotextual.com\/inicio\/wp-content\/uploads\/2026\/04\/frugornicarlos2026-004-150x150.jpg\" class=\"attachment-75x75 size-75x75 wp-post-image\" alt=\"\" \/><span class=\"rpwwt-post-title\">Renunci\u00f3 Carlos Frugoni, el funcionario que reconoci\u00f3 que tiene propiedades sin declarar en Miami<\/span><\/a><\/li>\r\n\t\t<li><a href=\"https:\/\/diariotextual.com\/inicio\/index.php\/2026\/04\/26\/sturzenegger-amenaza-con-pasar-mas-la-motosierra-en-el-smn-y-echar-al-85-del-personal\/\"><img loading=\"lazy\" decoding=\"async\" width=\"75\" height=\"75\" src=\"https:\/\/diariotextual.com\/inicio\/wp-content\/uploads\/2026\/04\/smncartelnoadespidos-150x150.jpg\" class=\"attachment-75x75 size-75x75 wp-post-image\" alt=\"\" srcset=\"https:\/\/diariotextual.com\/inicio\/wp-content\/uploads\/2026\/04\/smncartelnoadespidos-150x150.jpg 150w, https:\/\/diariotextual.com\/inicio\/wp-content\/uploads\/2026\/04\/smncartelnoadespidos-585x585.jpg 585w\" sizes=\"(max-width: 75px) 100vw, 75px\" \/><span class=\"rpwwt-post-title\">Sturzenegger amenaza con seguir pasando la motosierra en el SMN y echar al 85% del personal<\/span><\/a><\/li>\r\n\t\t<li><a href=\"https:\/\/diariotextual.com\/inicio\/index.php\/2026\/04\/26\/el-cine-esta-de-luto-murio-adolfo-aristarain\/\"><img loading=\"lazy\" decoding=\"async\" width=\"75\" height=\"75\" src=\"https:\/\/diariotextual.com\/inicio\/wp-content\/uploads\/2026\/04\/aristarainadolfo0001-150x150.jpg\" class=\"attachment-75x75 size-75x75 wp-post-image\" alt=\"\" srcset=\"https:\/\/diariotextual.com\/inicio\/wp-content\/uploads\/2026\/04\/aristarainadolfo0001-150x150.jpg 150w, https:\/\/diariotextual.com\/inicio\/wp-content\/uploads\/2026\/04\/aristarainadolfo0001-585x585.jpg 585w\" sizes=\"(max-width: 75px) 100vw, 75px\" \/><span class=\"rpwwt-post-title\">El cine est\u00e1 de luto: muri\u00f3 Adolfo Aristarain<\/span><\/a><\/li>\r\n\t\t<li><a href=\"https:\/\/diariotextual.com\/inicio\/index.php\/2026\/04\/26\/colapinto-rodo-por-primera-vez-con-un-formula-1-en-buenos-aires-frente-a-mas-de-500-mil-personas\/\"><img loading=\"lazy\" decoding=\"async\" width=\"75\" height=\"75\" src=\"https:\/\/diariotextual.com\/inicio\/wp-content\/uploads\/2026\/04\/colapintofrancobuenosaires2026-1-150x150.jpg\" class=\"attachment-75x75 size-75x75 wp-post-image\" alt=\"\" srcset=\"https:\/\/diariotextual.com\/inicio\/wp-content\/uploads\/2026\/04\/colapintofrancobuenosaires2026-1-150x150.jpg 150w, https:\/\/diariotextual.com\/inicio\/wp-content\/uploads\/2026\/04\/colapintofrancobuenosaires2026-1-585x585.jpg 585w\" sizes=\"(max-width: 75px) 100vw, 75px\" \/><span class=\"rpwwt-post-title\">Colapinto rod\u00f3 por primera vez con un F\u00f3rmula 1 en Buenos Aires frente a m\u00e1s de 500 mil personas<\/span><\/a><\/li>\r\n\t\t<li><a href=\"https:\/\/diariotextual.com\/inicio\/index.php\/2026\/04\/26\/senado-la-libertad-avanza-frena-el-debate-de-las-paso-y-apuntala-la-agenda-economica\/\"><img loading=\"lazy\" decoding=\"async\" width=\"75\" height=\"75\" src=\"https:\/\/diariotextual.com\/inicio\/wp-content\/uploads\/2026\/02\/senado2026-81111-150x150.webp\" class=\"attachment-75x75 size-75x75 wp-post-image\" alt=\"\" \/><span class=\"rpwwt-post-title\">Senado: La Libertad Avanza frena el debate de las PASO y apuntala la agenda econ\u00f3mica<\/span><\/a><\/li>\r\n\t\t<li><a href=\"https:\/\/diariotextual.com\/inicio\/index.php\/2026\/04\/25\/un-hombre-intento-asesinar-a-trump-durante-una-cena-con-periodistas\/\"><img loading=\"lazy\" decoding=\"async\" width=\"75\" height=\"75\" src=\"https:\/\/diariotextual.com\/inicio\/wp-content\/uploads\/2026\/04\/trumpintentodeasesinatodetenido2026-1-150x150.jpg\" class=\"attachment-75x75 size-75x75 wp-post-image\" alt=\"\" srcset=\"https:\/\/diariotextual.com\/inicio\/wp-content\/uploads\/2026\/04\/trumpintentodeasesinatodetenido2026-1-150x150.jpg 150w, https:\/\/diariotextual.com\/inicio\/wp-content\/uploads\/2026\/04\/trumpintentodeasesinatodetenido2026-1-585x585.jpg 585w\" sizes=\"(max-width: 75px) 100vw, 75px\" \/><span class=\"rpwwt-post-title\">Un hombre intent\u00f3 asesinar a Trump durante una cena con periodistas<\/span><\/a><\/li>\r\n\t\t<li><a href=\"https:\/\/diariotextual.com\/inicio\/index.php\/2026\/04\/25\/la-pampa-ingreso-a-la-red-federal-de-cardiopatias-congenitas\/\"><img loading=\"lazy\" decoding=\"async\" width=\"75\" height=\"75\" src=\"https:\/\/diariotextual.com\/inicio\/wp-content\/uploads\/2026\/04\/cardiopatiashospitalfavaloro2026-7-150x150.jpg\" class=\"attachment-75x75 size-75x75 wp-post-image\" alt=\"\" srcset=\"https:\/\/diariotextual.com\/inicio\/wp-content\/uploads\/2026\/04\/cardiopatiashospitalfavaloro2026-7-150x150.jpg 150w, https:\/\/diariotextual.com\/inicio\/wp-content\/uploads\/2026\/04\/cardiopatiashospitalfavaloro2026-7-585x585.jpg 585w\" sizes=\"(max-width: 75px) 100vw, 75px\" \/><span class=\"rpwwt-post-title\">La Pampa ingres\u00f3 a la Red Federal de Cardiopat\u00edas Cong\u00e9nitas<\/span><\/a><\/li>\r\n\t<\/ul>\r\n<\/div><!-- .rpwwt-widget -->\r\n<\/aside>\t\t\t\t<\/div>\n\t\t\t\t<\/div>\n\t\t\t\t<div class=\"elementor-element elementor-element-5fcf828 elementor-widget elementor-widget-html\" data-id=\"5fcf828\" data-element_type=\"widget\" data-e-type=\"widget\" data-widget_type=\"html.default\">\n\t\t\t\t<div class=\"elementor-widget-container\">\n\t\t\t\t\t<script async src=\"https:\/\/pagead2.googlesyndication.com\/pagead\/js\/adsbygoogle.js?client=ca-pub-8462277473027869\"\n     crossorigin=\"anonymous\"><\/script>\n<!-- 300 x 250 imagen para textual y tm -->\n<ins class=\"adsbygoogle\"\n     style=\"display:block\"\n     data-ad-client=\"ca-pub-8462277473027869\"\n     data-ad-slot=\"4976105877\"\n     data-ad-format=\"auto\"><\/ins>\n<script>\n     (adsbygoogle = window.adsbygoogle || []).push({});\n<\/script>\t\t\t\t<\/div>\n\t\t\t\t<\/div>\n\t\t\t\t<div class=\"elementor-element elementor-element-7d5ed99 elementor-widget elementor-widget-html\" data-id=\"7d5ed99\" data-element_type=\"widget\" data-e-type=\"widget\" data-widget_type=\"html.default\">\n\t\t\t\t<div class=\"elementor-widget-container\">\n\t\t\t\t\t<script async src=\"https:\/\/pagead2.googlesyndication.com\/pagead\/js\/adsbygoogle.js?client=ca-pub-8462277473027869\"\n     crossorigin=\"anonymous\"><\/script>\n<!-- 300 x 250 imagen para textual y tm -->\n<ins class=\"adsbygoogle\"\n     style=\"display:block\"\n     data-ad-client=\"ca-pub-8462277473027869\"\n     data-ad-slot=\"4976105877\"\n     data-ad-format=\"auto\"><\/ins>\n<script>\n     (adsbygoogle = window.adsbygoogle || []).push({});\n<\/script>\t\t\t\t<\/div>\n\t\t\t\t<\/div>\n\t\t\t\t\t<\/div>\n\t\t<\/div>\n\t\t\t\t<div class=\"elementor-column elementor-col-33 elementor-top-column elementor-element elementor-element-2fc18f9\" data-id=\"2fc18f9\" data-element_type=\"column\" data-e-type=\"column\">\n\t\t\t<div class=\"elementor-widget-wrap elementor-element-populated\">\n\t\t\t\t\t\t<div class=\"elementor-element elementor-element-e7806c9 elementor-widget elementor-widget-shortcode\" data-id=\"e7806c9\" data-element_type=\"widget\" data-e-type=\"widget\" data-widget_type=\"shortcode.default\">\n\t\t\t\t<div class=\"elementor-widget-container\">\n\t\t\t\t\t\t\t<div class=\"elementor-shortcode\"><!-- Error, \u00a1el anuncio no est\u00e1 disponible en este momento debido a restricciones de programaci\u00f3n\/geolocalizaci\u00f3n! --><\/div>\n\t\t\t\t\t\t<\/div>\n\t\t\t\t<\/div>\n\t\t\t\t<div class=\"elementor-element elementor-element-a7b84e7 elementor-widget elementor-widget-image\" data-id=\"a7b84e7\" data-element_type=\"widget\" data-e-type=\"widget\" data-widget_type=\"image.default\">\n\t\t\t\t<div class=\"elementor-widget-container\">\n\t\t\t\t\t\t\t\t\t\t\t\t<figure class=\"wp-caption\">\n\t\t\t\t\t\t\t\t\t\t<img loading=\"lazy\" decoding=\"async\" width=\"325\" height=\"480\" src=\"https:\/\/diariotextual.com\/inicio\/wp-content\/uploads\/2026\/04\/bannergobiernobrama2026-1.gif\" class=\"attachment-large size-large wp-image-325564\" alt=\"\" \/>\t\t\t\t\t\t\t\t\t\t\t<figcaption class=\"widget-image-caption wp-caption-text\"><\/figcaption>\n\t\t\t\t\t\t\t\t\t\t<\/figure>\n\t\t\t\t\t\t\t\t\t<\/div>\n\t\t\t\t<\/div>\n\t\t\t\t<div class=\"elementor-element elementor-element-6b5dd7e elementor-widget elementor-widget-image\" data-id=\"6b5dd7e\" data-element_type=\"widget\" data-e-type=\"widget\" data-widget_type=\"image.default\">\n\t\t\t\t<div class=\"elementor-widget-container\">\n\t\t\t\t\t\t\t\t\t\t\t\t<figure class=\"wp-caption\">\n\t\t\t\t\t\t\t\t\t\t<img loading=\"lazy\" decoding=\"async\" width=\"300\" height=\"300\" src=\"https:\/\/diariotextual.com\/inicio\/wp-content\/uploads\/2026\/04\/bannermunicipalidadsantarosacentro2026-1.gif\" class=\"attachment-large size-large wp-image-325336\" alt=\"\" \/>\t\t\t\t\t\t\t\t\t\t\t<figcaption class=\"widget-image-caption wp-caption-text\"><\/figcaption>\n\t\t\t\t\t\t\t\t\t\t<\/figure>\n\t\t\t\t\t\t\t\t\t<\/div>\n\t\t\t\t<\/div>\n\t\t\t\t<div class=\"elementor-element elementor-element-83a79cb elementor-widget elementor-widget-image\" data-id=\"83a79cb\" data-element_type=\"widget\" data-e-type=\"widget\" data-widget_type=\"image.default\">\n\t\t\t\t<div class=\"elementor-widget-container\">\n\t\t\t\t\t\t\t\t\t\t\t\t<figure class=\"wp-caption\">\n\t\t\t\t\t\t\t\t\t\t\t<a href=\"https:\/\/www.cpe.com.ar\/TarifasNet?utm_source=dtextual&#038;utm_medium=banner&#038;utm_campaign=vueltaalarutina&#038;utm_id=c03\" target=\"_blank\">\n\t\t\t\t\t\t\t<img loading=\"lazy\" decoding=\"async\" width=\"350\" height=\"350\" src=\"https:\/\/diariotextual.com\/inicio\/wp-content\/uploads\/2026\/03\/bannercpe2026-3.jpg\" class=\"attachment-large size-large wp-image-322201\" alt=\"\" srcset=\"https:\/\/diariotextual.com\/inicio\/wp-content\/uploads\/2026\/03\/bannercpe2026-3.jpg 350w, https:\/\/diariotextual.com\/inicio\/wp-content\/uploads\/2026\/03\/bannercpe2026-3-300x300.jpg 300w, https:\/\/diariotextual.com\/inicio\/wp-content\/uploads\/2026\/03\/bannercpe2026-3-150x150.jpg 150w\" sizes=\"(max-width: 350px) 100vw, 350px\" \/>\t\t\t\t\t\t\t\t<\/a>\n\t\t\t\t\t\t\t\t\t\t\t<figcaption class=\"widget-image-caption wp-caption-text\"><\/figcaption>\n\t\t\t\t\t\t\t\t\t\t<\/figure>\n\t\t\t\t\t\t\t\t\t<\/div>\n\t\t\t\t<\/div>\n\t\t\t\t<div class=\"elementor-element elementor-element-5869cf1 elementor-widget elementor-widget-image\" data-id=\"5869cf1\" data-element_type=\"widget\" data-e-type=\"widget\" data-widget_type=\"image.default\">\n\t\t\t\t<div class=\"elementor-widget-container\">\n\t\t\t\t\t\t\t\t\t\t\t\t<figure class=\"wp-caption\">\n\t\t\t\t\t\t\t\t\t\t<img loading=\"lazy\" decoding=\"async\" width=\"300\" height=\"300\" src=\"https:\/\/diariotextual.com\/inicio\/wp-content\/uploads\/2026\/03\/bannergobiernosaludmental2026-1.gif\" class=\"attachment-large size-large wp-image-323541\" alt=\"\" \/>\t\t\t\t\t\t\t\t\t\t\t<figcaption class=\"widget-image-caption wp-caption-text\"><\/figcaption>\n\t\t\t\t\t\t\t\t\t\t<\/figure>\n\t\t\t\t\t\t\t\t\t<\/div>\n\t\t\t\t<\/div>\n\t\t\t\t<div class=\"elementor-element elementor-element-a75a56c elementor-widget elementor-widget-html\" data-id=\"a75a56c\" data-element_type=\"widget\" data-e-type=\"widget\" data-widget_type=\"html.default\">\n\t\t\t\t<div class=\"elementor-widget-container\">\n\t\t\t\t\t<script src=\"https:\/\/www.butlercdn.com\/embed\/embedblock\/dc3fa5f6794ac593a1f177f41c48354e\" id=\"bdc3fa5f6794ac593a1f177f41c48354e\" async><\/script>\t\t\t\t<\/div>\n\t\t\t\t<\/div>\n\t\t\t\t<div class=\"elementor-element elementor-element-db0d9aa elementor-widget elementor-widget-image\" data-id=\"db0d9aa\" data-element_type=\"widget\" data-e-type=\"widget\" data-widget_type=\"image.default\">\n\t\t\t\t<div class=\"elementor-widget-container\">\n\t\t\t\t\t\t\t\t\t\t\t\t\t\t\t\t<a href=\"https:\/\/dumascat.com.ar\/\" target=\"_blank\">\n\t\t\t\t\t\t\t<img loading=\"lazy\" decoding=\"async\" width=\"300\" height=\"300\" src=\"https:\/\/diariotextual.com\/inicio\/wp-content\/uploads\/2024\/02\/bannerdumas2024-21.gif\" class=\"attachment-large size-large wp-image-253245\" alt=\"\" \/>\t\t\t\t\t\t\t\t<\/a>\n\t\t\t\t\t\t\t\t\t\t\t\t\t\t\t<\/div>\n\t\t\t\t<\/div>\n\t\t\t\t<div class=\"elementor-element elementor-element-291145a elementor-widget elementor-widget-image\" data-id=\"291145a\" data-element_type=\"widget\" data-e-type=\"widget\" data-widget_type=\"image.default\">\n\t\t\t\t<div class=\"elementor-widget-container\">\n\t\t\t\t\t\t\t\t\t\t\t\t\t\t\t\t<a href=\"https:\/\/www.facebook.com\/pintureriarossotto\" target=\"_blank\">\n\t\t\t\t\t\t\t<img loading=\"lazy\" decoding=\"async\" width=\"706\" height=\"306\" src=\"https:\/\/diariotextual.com\/inicio\/wp-content\/uploads\/2022\/02\/bannerrossotto2018-1.jpg\" class=\"attachment-full size-full wp-image-179133\" alt=\"\" srcset=\"https:\/\/diariotextual.com\/inicio\/wp-content\/uploads\/2022\/02\/bannerrossotto2018-1.jpg 706w, https:\/\/diariotextual.com\/inicio\/wp-content\/uploads\/2022\/02\/bannerrossotto2018-1-300x130.jpg 300w, https:\/\/diariotextual.com\/inicio\/wp-content\/uploads\/2022\/02\/bannerrossotto2018-1-585x254.jpg 585w\" sizes=\"(max-width: 706px) 100vw, 706px\" \/>\t\t\t\t\t\t\t\t<\/a>\n\t\t\t\t\t\t\t\t\t\t\t\t\t\t\t<\/div>\n\t\t\t\t<\/div>\n\t\t\t\t\t<\/div>\n\t\t<\/div>\n\t\t\t\t\t<\/div>\n\t\t<\/section>\n\t\t\t\t<section class=\"elementor-section elementor-top-section elementor-element elementor-element-a5557e8 elementor-section-boxed elementor-section-height-default elementor-section-height-default\" data-id=\"a5557e8\" data-element_type=\"section\" data-e-type=\"section\" data-settings=\"{&quot;background_background&quot;:&quot;classic&quot;}\">\n\t\t\t\t\t\t<div class=\"elementor-container elementor-column-gap-default\">\n\t\t\t\t\t<div class=\"elementor-column elementor-col-100 elementor-top-column elementor-element elementor-element-48dca59\" data-id=\"48dca59\" data-element_type=\"column\" data-e-type=\"column\">\n\t\t\t<div class=\"elementor-widget-wrap elementor-element-populated\">\n\t\t\t\t\t\t<div class=\"elementor-element elementor-element-3ad8827 elementor-widget elementor-widget-heading\" data-id=\"3ad8827\" data-element_type=\"widget\" data-e-type=\"widget\" data-widget_type=\"heading.default\">\n\t\t\t\t<div class=\"elementor-widget-container\">\n\t\t\t\t\t<h2 class=\"elementor-heading-title elementor-size-default\">ACTUALIDAD<\/h2>\t\t\t\t<\/div>\n\t\t\t\t<\/div>\n\t\t\t\t<div class=\"elementor-element elementor-element-f9da861 elementor-grid-4 animated-slow elementor-grid-tablet-2 elementor-grid-mobile-1 elementor-posts--thumbnail-top elementor-invisible elementor-widget elementor-widget-posts\" data-id=\"f9da861\" data-element_type=\"widget\" data-e-type=\"widget\" data-settings=\"{&quot;classic_row_gap&quot;:{&quot;unit&quot;:&quot;px&quot;,&quot;size&quot;:2,&quot;sizes&quot;:[]},&quot;classic_columns&quot;:&quot;4&quot;,&quot;_animation&quot;:&quot;fadeInLeft&quot;,&quot;classic_columns_tablet&quot;:&quot;2&quot;,&quot;classic_columns_mobile&quot;:&quot;1&quot;,&quot;classic_row_gap_tablet&quot;:{&quot;unit&quot;:&quot;px&quot;,&quot;size&quot;:&quot;&quot;,&quot;sizes&quot;:[]},&quot;classic_row_gap_mobile&quot;:{&quot;unit&quot;:&quot;px&quot;,&quot;size&quot;:&quot;&quot;,&quot;sizes&quot;:[]}}\" data-widget_type=\"posts.classic\">\n\t\t\t\t<div class=\"elementor-widget-container\">\n\t\t\t\t\t\t\t<div class=\"elementor-posts-container elementor-posts elementor-posts--skin-classic elementor-grid\">\n\t\t\t\t<article class=\"elementor-post elementor-grid-item post-325741 post type-post status-publish format-standard has-post-thumbnail hentry category-es-noticia category-que-pasa category-cultura\">\n\t\t\t\t<a class=\"elementor-post__thumbnail__link\" href=\"https:\/\/diariotextual.com\/inicio\/index.php\/2026\/04\/25\/artesanos-pampeanos-participan-de-una-muestra-sobre-trabajo-en-cuero-en-buenos-aires\/\" tabindex=\"-1\" target=&quot;_blank&quot;>\n\t\t\t<div class=\"elementor-post__thumbnail\"><img loading=\"lazy\" decoding=\"async\" width=\"300\" height=\"200\" src=\"https:\/\/diariotextual.com\/inicio\/wp-content\/uploads\/2026\/04\/artesanosencuero2026-1-300x200.jpg\" class=\"attachment-medium size-medium wp-image-325743\" alt=\"\" srcset=\"https:\/\/diariotextual.com\/inicio\/wp-content\/uploads\/2026\/04\/artesanosencuero2026-1-300x200.jpg 300w, https:\/\/diariotextual.com\/inicio\/wp-content\/uploads\/2026\/04\/artesanosencuero2026-1-1024x683.jpg 1024w, https:\/\/diariotextual.com\/inicio\/wp-content\/uploads\/2026\/04\/artesanosencuero2026-1-768x512.jpg 768w, https:\/\/diariotextual.com\/inicio\/wp-content\/uploads\/2026\/04\/artesanosencuero2026-1-1170x780.jpg 1170w, https:\/\/diariotextual.com\/inicio\/wp-content\/uploads\/2026\/04\/artesanosencuero2026-1-585x390.jpg 585w, https:\/\/diariotextual.com\/inicio\/wp-content\/uploads\/2026\/04\/artesanosencuero2026-1-263x175.jpg 263w, https:\/\/diariotextual.com\/inicio\/wp-content\/uploads\/2026\/04\/artesanosencuero2026-1.jpg 1300w\" sizes=\"(max-width: 300px) 100vw, 300px\" \/><\/div>\n\t\t<\/a>\n\t\t\t\t<div class=\"elementor-post__text\">\n\t\t\t\t<h3 class=\"elementor-post__title\">\n\t\t\t<a href=\"https:\/\/diariotextual.com\/inicio\/index.php\/2026\/04\/25\/artesanos-pampeanos-participan-de-una-muestra-sobre-trabajo-en-cuero-en-buenos-aires\/\" target=&quot;_blank&quot;>\n\t\t\t\tArtesanos pampeanos participan de una muestra sobre trabajo en cuero en Buenos Aires\t\t\t<\/a>\n\t\t<\/h3>\n\t\t\t\t<div class=\"elementor-post__meta-data\">\n\t\t\t\t\t<span class=\"elementor-post-date\">\n\t\t\t25 de abril de 2026\t\t<\/span>\n\t\t\t\t<\/div>\n\t\t\t\t<\/div>\n\t\t\t\t<\/article>\n\t\t\t\t<article class=\"elementor-post elementor-grid-item post-325702 post type-post status-publish format-standard has-post-thumbnail hentry category-es-noticia category-que-pasa category-campo\">\n\t\t\t\t<a class=\"elementor-post__thumbnail__link\" href=\"https:\/\/diariotextual.com\/inicio\/index.php\/2026\/04\/24\/el-gobierno-pampeano-habilito-a-los-chinos-de-metatech-para-operar-el-frigorifico-de-bernasconi\/\" tabindex=\"-1\" target=&quot;_blank&quot;>\n\t\t\t<div class=\"elementor-post__thumbnail\"><img loading=\"lazy\" decoding=\"async\" width=\"300\" height=\"185\" src=\"https:\/\/diariotextual.com\/inicio\/wp-content\/uploads\/2020\/09\/frigorificobernasconi0000-300x185.jpg\" class=\"attachment-medium size-medium wp-image-110563\" alt=\"\" srcset=\"https:\/\/diariotextual.com\/inicio\/wp-content\/uploads\/2020\/09\/frigorificobernasconi0000-300x185.jpg 300w, https:\/\/diariotextual.com\/inicio\/wp-content\/uploads\/2020\/09\/frigorificobernasconi0000-1024x632.jpg 1024w, https:\/\/diariotextual.com\/inicio\/wp-content\/uploads\/2020\/09\/frigorificobernasconi0000-768x474.jpg 768w, https:\/\/diariotextual.com\/inicio\/wp-content\/uploads\/2020\/09\/frigorificobernasconi0000-1170x722.jpg 1170w, https:\/\/diariotextual.com\/inicio\/wp-content\/uploads\/2020\/09\/frigorificobernasconi0000-585x361.jpg 585w, https:\/\/diariotextual.com\/inicio\/wp-content\/uploads\/2020\/09\/frigorificobernasconi0000.jpg 1244w\" sizes=\"(max-width: 300px) 100vw, 300px\" \/><\/div>\n\t\t<\/a>\n\t\t\t\t<div class=\"elementor-post__text\">\n\t\t\t\t<h3 class=\"elementor-post__title\">\n\t\t\t<a href=\"https:\/\/diariotextual.com\/inicio\/index.php\/2026\/04\/24\/el-gobierno-pampeano-habilito-a-los-chinos-de-metatech-para-operar-el-frigorifico-de-bernasconi\/\" target=&quot;_blank&quot;>\n\t\t\t\tEl Gobierno pampeano habilit\u00f3 a los chinos de Metatech para operar el frigor\u00edfico de Bernasconi\t\t\t<\/a>\n\t\t<\/h3>\n\t\t\t\t<div class=\"elementor-post__meta-data\">\n\t\t\t\t\t<span class=\"elementor-post-date\">\n\t\t\t24 de abril de 2026\t\t<\/span>\n\t\t\t\t<\/div>\n\t\t\t\t<\/div>\n\t\t\t\t<\/article>\n\t\t\t\t<article class=\"elementor-post elementor-grid-item post-325616 post type-post status-publish format-standard has-post-thumbnail hentry category-es-noticia category-que-pasa category-cultura\">\n\t\t\t\t<a class=\"elementor-post__thumbnail__link\" href=\"https:\/\/diariotextual.com\/inicio\/index.php\/2026\/04\/24\/abuchearon-al-secretario-de-cultura-en-la-inauguracion-de-la-feria-del-libro\/\" tabindex=\"-1\" target=&quot;_blank&quot;>\n\t\t\t<div class=\"elementor-post__thumbnail\"><img loading=\"lazy\" decoding=\"async\" width=\"300\" height=\"180\" src=\"https:\/\/diariotextual.com\/inicio\/wp-content\/uploads\/2026\/04\/cifellileonardoferiadellibro2026-1-300x180.jpg\" class=\"attachment-medium size-medium wp-image-325618\" alt=\"\" srcset=\"https:\/\/diariotextual.com\/inicio\/wp-content\/uploads\/2026\/04\/cifellileonardoferiadellibro2026-1-300x180.jpg 300w, https:\/\/diariotextual.com\/inicio\/wp-content\/uploads\/2026\/04\/cifellileonardoferiadellibro2026-1-768x462.jpg 768w, https:\/\/diariotextual.com\/inicio\/wp-content\/uploads\/2026\/04\/cifellileonardoferiadellibro2026-1-585x352.jpg 585w, https:\/\/diariotextual.com\/inicio\/wp-content\/uploads\/2026\/04\/cifellileonardoferiadellibro2026-1.jpg 923w\" sizes=\"(max-width: 300px) 100vw, 300px\" \/><\/div>\n\t\t<\/a>\n\t\t\t\t<div class=\"elementor-post__text\">\n\t\t\t\t<h3 class=\"elementor-post__title\">\n\t\t\t<a href=\"https:\/\/diariotextual.com\/inicio\/index.php\/2026\/04\/24\/abuchearon-al-secretario-de-cultura-en-la-inauguracion-de-la-feria-del-libro\/\" target=&quot;_blank&quot;>\n\t\t\t\tAbuchearon al secretario de Cultura en la inauguraci\u00f3n de la Feria del Libro\t\t\t<\/a>\n\t\t<\/h3>\n\t\t\t\t<div class=\"elementor-post__meta-data\">\n\t\t\t\t\t<span class=\"elementor-post-date\">\n\t\t\t24 de abril de 2026\t\t<\/span>\n\t\t\t\t<\/div>\n\t\t\t\t<\/div>\n\t\t\t\t<\/article>\n\t\t\t\t<article class=\"elementor-post elementor-grid-item post-325623 post type-post status-publish format-standard has-post-thumbnail hentry category-es-noticia category-que-pasa category-politica\">\n\t\t\t\t<a class=\"elementor-post__thumbnail__link\" href=\"https:\/\/diariotextual.com\/inicio\/index.php\/2026\/04\/24\/diputados-convocan-a-la-ministra-de-la-produccion-por-la-paralizacion-de-los-frigorificos-de-bernasconi-y-trenel\/\" tabindex=\"-1\" target=&quot;_blank&quot;>\n\t\t\t<div class=\"elementor-post__thumbnail\"><img loading=\"lazy\" decoding=\"async\" width=\"300\" height=\"198\" src=\"https:\/\/diariotextual.com\/inicio\/wp-content\/uploads\/2026\/02\/frigorificopicoprotestatrabajadorestrenelfmlavoz2026-10-300x198.jpg\" class=\"attachment-medium size-medium wp-image-319899\" alt=\"\" srcset=\"https:\/\/diariotextual.com\/inicio\/wp-content\/uploads\/2026\/02\/frigorificopicoprotestatrabajadorestrenelfmlavoz2026-10-300x198.jpg 300w, https:\/\/diariotextual.com\/inicio\/wp-content\/uploads\/2026\/02\/frigorificopicoprotestatrabajadorestrenelfmlavoz2026-10-1024x677.jpg 1024w, https:\/\/diariotextual.com\/inicio\/wp-content\/uploads\/2026\/02\/frigorificopicoprotestatrabajadorestrenelfmlavoz2026-10-768x508.jpg 768w, https:\/\/diariotextual.com\/inicio\/wp-content\/uploads\/2026\/02\/frigorificopicoprotestatrabajadorestrenelfmlavoz2026-10-1170x773.jpg 1170w, https:\/\/diariotextual.com\/inicio\/wp-content\/uploads\/2026\/02\/frigorificopicoprotestatrabajadorestrenelfmlavoz2026-10-780x516.jpg 780w, https:\/\/diariotextual.com\/inicio\/wp-content\/uploads\/2026\/02\/frigorificopicoprotestatrabajadorestrenelfmlavoz2026-10-585x387.jpg 585w, https:\/\/diariotextual.com\/inicio\/wp-content\/uploads\/2026\/02\/frigorificopicoprotestatrabajadorestrenelfmlavoz2026-10-263x175.jpg 263w, https:\/\/diariotextual.com\/inicio\/wp-content\/uploads\/2026\/02\/frigorificopicoprotestatrabajadorestrenelfmlavoz2026-10.jpg 1200w\" sizes=\"(max-width: 300px) 100vw, 300px\" \/><\/div>\n\t\t<\/a>\n\t\t\t\t<div class=\"elementor-post__text\">\n\t\t\t\t<h3 class=\"elementor-post__title\">\n\t\t\t<a href=\"https:\/\/diariotextual.com\/inicio\/index.php\/2026\/04\/24\/diputados-convocan-a-la-ministra-de-la-produccion-por-la-paralizacion-de-los-frigorificos-de-bernasconi-y-trenel\/\" target=&quot;_blank&quot;>\n\t\t\t\tDiputados convocan a la ministra de la Producci\u00f3n por la paralizaci\u00f3n de los frigor\u00edficos de Bernasconi y Trenel\t\t\t<\/a>\n\t\t<\/h3>\n\t\t\t\t<div class=\"elementor-post__meta-data\">\n\t\t\t\t\t<span class=\"elementor-post-date\">\n\t\t\t24 de abril de 2026\t\t<\/span>\n\t\t\t\t<\/div>\n\t\t\t\t<\/div>\n\t\t\t\t<\/article>\n\t\t\t\t<\/div>\n\t\t\n\t\t\t\t\t\t<\/div>\n\t\t\t\t<\/div>\n\t\t\t\t\t<\/div>\n\t\t<\/div>\n\t\t\t\t\t<\/div>\n\t\t<\/section>\n\t\t\t\t<section class=\"elementor-section elementor-top-section elementor-element elementor-element-8c3b007 elementor-section-boxed elementor-section-height-default elementor-section-height-default\" data-id=\"8c3b007\" data-element_type=\"section\" data-e-type=\"section\">\n\t\t\t\t\t\t<div class=\"elementor-container elementor-column-gap-default\">\n\t\t\t\t\t<div class=\"elementor-column elementor-col-25 elementor-top-column elementor-element elementor-element-be4cf3b\" data-id=\"be4cf3b\" data-element_type=\"column\" data-e-type=\"column\">\n\t\t\t<div class=\"elementor-widget-wrap elementor-element-populated\">\n\t\t\t\t\t\t<div class=\"elementor-element elementor-element-f3bc3c2 elementor-widget elementor-widget-image\" data-id=\"f3bc3c2\" data-element_type=\"widget\" data-e-type=\"widget\" data-widget_type=\"image.default\">\n\t\t\t\t<div class=\"elementor-widget-container\">\n\t\t\t\t\t\t\t\t\t\t\t\t\t\t\t\t<a href=\"https:\/\/www.instagram.com\/pampameatmic\/?hl=es\" target=\"_blank\">\n\t\t\t\t\t\t\t<img loading=\"lazy\" decoding=\"async\" width=\"300\" height=\"300\" src=\"https:\/\/diariotextual.com\/inicio\/wp-content\/uploads\/2023\/06\/bannerpampameat2023-44.gif\" class=\"attachment-full size-full wp-image-227507\" alt=\"\" \/>\t\t\t\t\t\t\t\t<\/a>\n\t\t\t\t\t\t\t\t\t\t\t\t\t\t\t<\/div>\n\t\t\t\t<\/div>\n\t\t\t\t\t<\/div>\n\t\t<\/div>\n\t\t\t\t<div class=\"elementor-column elementor-col-25 elementor-top-column elementor-element elementor-element-3613720\" data-id=\"3613720\" data-element_type=\"column\" data-e-type=\"column\">\n\t\t\t<div class=\"elementor-widget-wrap elementor-element-populated\">\n\t\t\t\t\t\t<div class=\"elementor-element elementor-element-4ab813f elementor-widget elementor-widget-image\" data-id=\"4ab813f\" data-element_type=\"widget\" data-e-type=\"widget\" data-widget_type=\"image.default\">\n\t\t\t\t<div class=\"elementor-widget-container\">\n\t\t\t\t\t\t\t\t\t\t\t\t\t\t\t\t<a href=\"https:\/\/www.instagram.com\/amet.regxx\/\" target=\"_blank\">\n\t\t\t\t\t\t\t<img loading=\"lazy\" decoding=\"async\" width=\"300\" height=\"300\" src=\"https:\/\/diariotextual.com\/inicio\/wp-content\/uploads\/2026\/03\/ametbanner.jpg\" class=\"attachment-full size-full wp-image-323677\" alt=\"\" srcset=\"https:\/\/diariotextual.com\/inicio\/wp-content\/uploads\/2026\/03\/ametbanner.jpg 300w, https:\/\/diariotextual.com\/inicio\/wp-content\/uploads\/2026\/03\/ametbanner-150x150.jpg 150w\" sizes=\"(max-width: 300px) 100vw, 300px\" \/>\t\t\t\t\t\t\t\t<\/a>\n\t\t\t\t\t\t\t\t\t\t\t\t\t\t\t<\/div>\n\t\t\t\t<\/div>\n\t\t\t\t\t<\/div>\n\t\t<\/div>\n\t\t\t\t<div class=\"elementor-column elementor-col-25 elementor-top-column elementor-element elementor-element-bb62dc3\" data-id=\"bb62dc3\" data-element_type=\"column\" data-e-type=\"column\">\n\t\t\t<div class=\"elementor-widget-wrap elementor-element-populated\">\n\t\t\t\t\t\t<div class=\"elementor-element elementor-element-9f8ec54 elementor-widget elementor-widget-image\" data-id=\"9f8ec54\" data-element_type=\"widget\" data-e-type=\"widget\" data-widget_type=\"image.default\">\n\t\t\t\t<div class=\"elementor-widget-container\">\n\t\t\t\t\t\t\t\t\t\t\t\t\t\t\t\t<a href=\"https:\/\/www.facebook.com\/GrupoAgroenergia\" target=\"_blank\">\n\t\t\t\t\t\t\t<img loading=\"lazy\" decoding=\"async\" width=\"300\" height=\"300\" src=\"https:\/\/diariotextual.com\/inicio\/wp-content\/uploads\/2025\/04\/agroenergiabannerfijo2025.jpg\" class=\"attachment-full size-full wp-image-293068\" alt=\"\" srcset=\"https:\/\/diariotextual.com\/inicio\/wp-content\/uploads\/2025\/04\/agroenergiabannerfijo2025.jpg 300w, https:\/\/diariotextual.com\/inicio\/wp-content\/uploads\/2025\/04\/agroenergiabannerfijo2025-150x150.jpg 150w\" sizes=\"(max-width: 300px) 100vw, 300px\" \/>\t\t\t\t\t\t\t\t<\/a>\n\t\t\t\t\t\t\t\t\t\t\t\t\t\t\t<\/div>\n\t\t\t\t<\/div>\n\t\t\t\t\t<\/div>\n\t\t<\/div>\n\t\t\t\t<div class=\"elementor-column elementor-col-25 elementor-top-column elementor-element elementor-element-e79d952\" data-id=\"e79d952\" data-element_type=\"column\" data-e-type=\"column\">\n\t\t\t<div class=\"elementor-widget-wrap elementor-element-populated\">\n\t\t\t\t\t\t<div class=\"elementor-element elementor-element-b853b72 elementor-widget elementor-widget-image\" data-id=\"b853b72\" data-element_type=\"widget\" data-e-type=\"widget\" data-widget_type=\"image.default\">\n\t\t\t\t<div class=\"elementor-widget-container\">\n\t\t\t\t\t\t\t\t\t\t\t\t\t\t\t\t<a href=\"https:\/\/fatfalapampa.org\/\" target=\"_blank\">\n\t\t\t\t\t\t\t<img loading=\"lazy\" decoding=\"async\" width=\"300\" height=\"300\" src=\"https:\/\/diariotextual.com\/inicio\/wp-content\/uploads\/2022\/02\/bannertrabajadoresfarmacias.png\" class=\"attachment-full size-full wp-image-179169\" alt=\"\" srcset=\"https:\/\/diariotextual.com\/inicio\/wp-content\/uploads\/2022\/02\/bannertrabajadoresfarmacias.png 300w, https:\/\/diariotextual.com\/inicio\/wp-content\/uploads\/2022\/02\/bannertrabajadoresfarmacias-150x150.png 150w\" sizes=\"(max-width: 300px) 100vw, 300px\" \/>\t\t\t\t\t\t\t\t<\/a>\n\t\t\t\t\t\t\t\t\t\t\t\t\t\t\t<\/div>\n\t\t\t\t<\/div>\n\t\t\t\t\t<\/div>\n\t\t<\/div>\n\t\t\t\t\t<\/div>\n\t\t<\/section>\n\t\t\t\t<section class=\"elementor-section elementor-top-section elementor-element elementor-element-638f5f8 elementor-section-boxed elementor-section-height-default elementor-section-height-default\" data-id=\"638f5f8\" data-element_type=\"section\" data-e-type=\"section\" data-settings=\"{&quot;background_background&quot;:&quot;classic&quot;}\">\n\t\t\t\t\t\t<div class=\"elementor-container elementor-column-gap-default\">\n\t\t\t\t\t<div class=\"elementor-column elementor-col-100 elementor-top-column elementor-element elementor-element-fe9a721\" data-id=\"fe9a721\" data-element_type=\"column\" data-e-type=\"column\">\n\t\t\t<div class=\"elementor-widget-wrap elementor-element-populated\">\n\t\t\t\t\t\t<div class=\"elementor-element elementor-element-22ff3d0 elementor-widget elementor-widget-heading\" data-id=\"22ff3d0\" data-element_type=\"widget\" data-e-type=\"widget\" data-widget_type=\"heading.default\">\n\t\t\t\t<div class=\"elementor-widget-container\">\n\t\t\t\t\t<h2 class=\"elementor-heading-title elementor-size-default\">QUE PASA<\/h2>\t\t\t\t<\/div>\n\t\t\t\t<\/div>\n\t\t\t\t\t<\/div>\n\t\t<\/div>\n\t\t\t\t\t<\/div>\n\t\t<\/section>\n\t\t\t\t<section class=\"elementor-section elementor-top-section elementor-element elementor-element-892ba4f elementor-section-boxed elementor-section-height-default elementor-section-height-default\" data-id=\"892ba4f\" data-element_type=\"section\" data-e-type=\"section\">\n\t\t\t\t\t\t<div class=\"elementor-container elementor-column-gap-default\">\n\t\t\t\t\t<div class=\"elementor-column elementor-col-33 elementor-top-column elementor-element elementor-element-fb4b422\" data-id=\"fb4b422\" data-element_type=\"column\" data-e-type=\"column\">\n\t\t\t<div class=\"elementor-widget-wrap\">\n\t\t\t\t\t\t\t<\/div>\n\t\t<\/div>\n\t\t\t\t<div class=\"elementor-column elementor-col-33 elementor-top-column elementor-element elementor-element-dc20944\" data-id=\"dc20944\" data-element_type=\"column\" data-e-type=\"column\">\n\t\t\t<div class=\"elementor-widget-wrap\">\n\t\t\t\t\t\t\t<\/div>\n\t\t<\/div>\n\t\t\t\t<div class=\"elementor-column elementor-col-33 elementor-top-column elementor-element elementor-element-9bcdeb5\" data-id=\"9bcdeb5\" data-element_type=\"column\" data-e-type=\"column\">\n\t\t\t<div class=\"elementor-widget-wrap\">\n\t\t\t\t\t\t\t<\/div>\n\t\t<\/div>\n\t\t\t\t\t<\/div>\n\t\t<\/section>\n\t\t\t\t<section class=\"elementor-section elementor-top-section elementor-element elementor-element-de2467f elementor-section-boxed elementor-section-height-default elementor-section-height-default\" data-id=\"de2467f\" data-element_type=\"section\" data-e-type=\"section\">\n\t\t\t\t\t\t<div class=\"elementor-container elementor-column-gap-default\">\n\t\t\t\t\t<div class=\"elementor-column elementor-col-50 elementor-top-column elementor-element elementor-element-5cf973e\" data-id=\"5cf973e\" data-element_type=\"column\" data-e-type=\"column\">\n\t\t\t<div class=\"elementor-widget-wrap elementor-element-populated\">\n\t\t\t\t\t\t<div class=\"elementor-element elementor-element-d60417c elementor-grid-3 elementor-grid-tablet-2 elementor-grid-mobile-1 elementor-posts--thumbnail-top elementor-card-shadow-yes elementor-posts__hover-gradient elementor-widget elementor-widget-posts\" data-id=\"d60417c\" data-element_type=\"widget\" data-e-type=\"widget\" data-settings=\"{&quot;cards_columns&quot;:&quot;3&quot;,&quot;cards_columns_tablet&quot;:&quot;2&quot;,&quot;cards_columns_mobile&quot;:&quot;1&quot;,&quot;cards_row_gap&quot;:{&quot;unit&quot;:&quot;px&quot;,&quot;size&quot;:35,&quot;sizes&quot;:[]},&quot;cards_row_gap_tablet&quot;:{&quot;unit&quot;:&quot;px&quot;,&quot;size&quot;:&quot;&quot;,&quot;sizes&quot;:[]},&quot;cards_row_gap_mobile&quot;:{&quot;unit&quot;:&quot;px&quot;,&quot;size&quot;:&quot;&quot;,&quot;sizes&quot;:[]}}\" data-widget_type=\"posts.cards\">\n\t\t\t\t<div class=\"elementor-widget-container\">\n\t\t\t\t\t\t\t<div class=\"elementor-posts-container elementor-posts elementor-posts--skin-cards elementor-grid\">\n\t\t\t\t<article class=\"elementor-post elementor-grid-item post-325832 post type-post status-publish format-standard has-post-thumbnail hentry category-portada category-politica\">\n\t\t\t<div class=\"elementor-post__card\">\n\t\t\t\t<a class=\"elementor-post__thumbnail__link\" href=\"https:\/\/diariotextual.com\/inicio\/index.php\/2026\/04\/27\/no-prospero-la-suspension-de-la-intendenta-de-catrilo-el-pj-y-el-pro-no-lograron-replicar-el-caso-de-santa-isabel\/\" tabindex=\"-1\" target=\"_blank\"><div class=\"elementor-post__thumbnail\"><img loading=\"lazy\" decoding=\"async\" width=\"834\" height=\"556\" src=\"https:\/\/diariotextual.com\/inicio\/wp-content\/uploads\/2024\/03\/lopezgraciela2024-1.jpg\" class=\"attachment-full size-full wp-image-256210\" alt=\"\" srcset=\"https:\/\/diariotextual.com\/inicio\/wp-content\/uploads\/2024\/03\/lopezgraciela2024-1.jpg 834w, https:\/\/diariotextual.com\/inicio\/wp-content\/uploads\/2024\/03\/lopezgraciela2024-1-300x200.jpg 300w, https:\/\/diariotextual.com\/inicio\/wp-content\/uploads\/2024\/03\/lopezgraciela2024-1-768x512.jpg 768w, https:\/\/diariotextual.com\/inicio\/wp-content\/uploads\/2024\/03\/lopezgraciela2024-1-585x390.jpg 585w, https:\/\/diariotextual.com\/inicio\/wp-content\/uploads\/2024\/03\/lopezgraciela2024-1-263x175.jpg 263w\" sizes=\"(max-width: 834px) 100vw, 834px\" \/><\/div><\/a>\n\t\t\t\t<div class=\"elementor-post__text\">\n\t\t\t\t<h3 class=\"elementor-post__title\">\n\t\t\t<a href=\"https:\/\/diariotextual.com\/inicio\/index.php\/2026\/04\/27\/no-prospero-la-suspension-de-la-intendenta-de-catrilo-el-pj-y-el-pro-no-lograron-replicar-el-caso-de-santa-isabel\/\" target=&quot;_blank&quot;>\n\t\t\t\tNo prosper\u00f3 la suspensi\u00f3n de la intendenta de Catril\u00f3: el PJ y el PRO no lograron replicar el caso de Santa Isabel\t\t\t<\/a>\n\t\t<\/h3>\n\t\t\t\t<\/div>\n\t\t\t\t<div class=\"elementor-post__meta-data\">\n\t\t\t\t\t<span class=\"elementor-post-date\">\n\t\t\t27 de abril de 2026\t\t<\/span>\n\t\t\t\t<\/div>\n\t\t\t\t\t<\/div>\n\t\t<\/article>\n\t\t\t\t<article class=\"elementor-post elementor-grid-item post-325827 post type-post status-publish format-standard has-post-thumbnail hentry category-destacadas category-sociedad\">\n\t\t\t<div class=\"elementor-post__card\">\n\t\t\t\t<a class=\"elementor-post__thumbnail__link\" href=\"https:\/\/diariotextual.com\/inicio\/index.php\/2026\/04\/27\/fuerte-presencia-de-la-cpe-en-la-expo-dinamica-con-energia-gas-y-capacitacion\/\" tabindex=\"-1\" target=\"_blank\"><div class=\"elementor-post__thumbnail\"><img decoding=\"async\" width=\"1100\" height=\"698\" src=\"https:\/\/diariotextual.com\/inicio\/wp-content\/uploads\/2026\/04\/cpeexpodinamica2026-11.jpg\" class=\"attachment-full size-full wp-image-325829\" alt=\"\" srcset=\"https:\/\/diariotextual.com\/inicio\/wp-content\/uploads\/2026\/04\/cpeexpodinamica2026-11.jpg 1100w, https:\/\/diariotextual.com\/inicio\/wp-content\/uploads\/2026\/04\/cpeexpodinamica2026-11-300x190.jpg 300w, https:\/\/diariotextual.com\/inicio\/wp-content\/uploads\/2026\/04\/cpeexpodinamica2026-11-1024x650.jpg 1024w, https:\/\/diariotextual.com\/inicio\/wp-content\/uploads\/2026\/04\/cpeexpodinamica2026-11-768x487.jpg 768w, https:\/\/diariotextual.com\/inicio\/wp-content\/uploads\/2026\/04\/cpeexpodinamica2026-11-585x371.jpg 585w\" sizes=\"(max-width: 1100px) 100vw, 1100px\" \/><\/div><\/a>\n\t\t\t\t<div class=\"elementor-post__text\">\n\t\t\t\t<h3 class=\"elementor-post__title\">\n\t\t\t<a href=\"https:\/\/diariotextual.com\/inicio\/index.php\/2026\/04\/27\/fuerte-presencia-de-la-cpe-en-la-expo-dinamica-con-energia-gas-y-capacitacion\/\" target=&quot;_blank&quot;>\n\t\t\t\tFuerte presencia de la CPE en la Expo Din\u00e1mica con energ\u00eda, gas y capacitaci\u00f3n\t\t\t<\/a>\n\t\t<\/h3>\n\t\t\t\t<\/div>\n\t\t\t\t<div class=\"elementor-post__meta-data\">\n\t\t\t\t\t<span class=\"elementor-post-date\">\n\t\t\t27 de abril de 2026\t\t<\/span>\n\t\t\t\t<\/div>\n\t\t\t\t\t<\/div>\n\t\t<\/article>\n\t\t\t\t<article class=\"elementor-post elementor-grid-item post-325821 post type-post status-publish format-standard has-post-thumbnail hentry category-destacadas category-cultura\">\n\t\t\t<div class=\"elementor-post__card\">\n\t\t\t\t<a class=\"elementor-post__thumbnail__link\" href=\"https:\/\/diariotextual.com\/inicio\/index.php\/2026\/04\/27\/general-pico-lanzo-la-10a-edicion-del-festival-nacional-de-cine\/\" tabindex=\"-1\" target=\"_blank\"><div class=\"elementor-post__thumbnail\"><img decoding=\"async\" width=\"1000\" height=\"667\" src=\"https:\/\/diariotextual.com\/inicio\/wp-content\/uploads\/2026\/04\/festivalcinepico2026.jpg\" class=\"attachment-full size-full wp-image-325824\" alt=\"\" srcset=\"https:\/\/diariotextual.com\/inicio\/wp-content\/uploads\/2026\/04\/festivalcinepico2026.jpg 1000w, https:\/\/diariotextual.com\/inicio\/wp-content\/uploads\/2026\/04\/festivalcinepico2026-300x200.jpg 300w, https:\/\/diariotextual.com\/inicio\/wp-content\/uploads\/2026\/04\/festivalcinepico2026-768x512.jpg 768w, https:\/\/diariotextual.com\/inicio\/wp-content\/uploads\/2026\/04\/festivalcinepico2026-585x390.jpg 585w, https:\/\/diariotextual.com\/inicio\/wp-content\/uploads\/2026\/04\/festivalcinepico2026-263x175.jpg 263w\" sizes=\"(max-width: 1000px) 100vw, 1000px\" \/><\/div><\/a>\n\t\t\t\t<div class=\"elementor-post__text\">\n\t\t\t\t<h3 class=\"elementor-post__title\">\n\t\t\t<a href=\"https:\/\/diariotextual.com\/inicio\/index.php\/2026\/04\/27\/general-pico-lanzo-la-10a-edicion-del-festival-nacional-de-cine\/\" target=&quot;_blank&quot;>\n\t\t\t\tGeneral Pico lanz\u00f3 la 10\u00aa edici\u00f3n del Festival Nacional de Cine\t\t\t<\/a>\n\t\t<\/h3>\n\t\t\t\t<\/div>\n\t\t\t\t<div class=\"elementor-post__meta-data\">\n\t\t\t\t\t<span class=\"elementor-post-date\">\n\t\t\t27 de abril de 2026\t\t<\/span>\n\t\t\t\t<\/div>\n\t\t\t\t\t<\/div>\n\t\t<\/article>\n\t\t\t\t<article class=\"elementor-post elementor-grid-item post-325823 post type-post status-publish format-standard has-post-thumbnail hentry category-es-noticia category-sociedad\">\n\t\t\t<div class=\"elementor-post__card\">\n\t\t\t\t<a class=\"elementor-post__thumbnail__link\" href=\"https:\/\/diariotextual.com\/inicio\/index.php\/2026\/04\/27\/este-miercoles-29-en-toay-corte-programado-de-electricidad\/\" tabindex=\"-1\" target=\"_blank\"><div class=\"elementor-post__thumbnail\"><img loading=\"lazy\" decoding=\"async\" width=\"768\" height=\"432\" src=\"https:\/\/diariotextual.com\/inicio\/wp-content\/uploads\/2025\/04\/tendidoelectrico2025.webp\" class=\"attachment-full size-full wp-image-294052\" alt=\"\" srcset=\"https:\/\/diariotextual.com\/inicio\/wp-content\/uploads\/2025\/04\/tendidoelectrico2025.webp 768w, https:\/\/diariotextual.com\/inicio\/wp-content\/uploads\/2025\/04\/tendidoelectrico2025-300x169.webp 300w, https:\/\/diariotextual.com\/inicio\/wp-content\/uploads\/2025\/04\/tendidoelectrico2025-585x329.webp 585w\" sizes=\"(max-width: 768px) 100vw, 768px\" \/><\/div><\/a>\n\t\t\t\t<div class=\"elementor-post__text\">\n\t\t\t\t<h3 class=\"elementor-post__title\">\n\t\t\t<a href=\"https:\/\/diariotextual.com\/inicio\/index.php\/2026\/04\/27\/este-miercoles-29-en-toay-corte-programado-de-electricidad\/\" target=&quot;_blank&quot;>\n\t\t\t\tEste mi\u00e9rcoles 29, en Toay, corte programado de electricidad\t\t\t<\/a>\n\t\t<\/h3>\n\t\t\t\t<\/div>\n\t\t\t\t<div class=\"elementor-post__meta-data\">\n\t\t\t\t\t<span class=\"elementor-post-date\">\n\t\t\t27 de abril de 2026\t\t<\/span>\n\t\t\t\t<\/div>\n\t\t\t\t\t<\/div>\n\t\t<\/article>\n\t\t\t\t<article class=\"elementor-post elementor-grid-item post-325819 post type-post status-publish format-standard has-post-thumbnail hentry category-destacadas category-politica\">\n\t\t\t<div class=\"elementor-post__card\">\n\t\t\t\t<a class=\"elementor-post__thumbnail__link\" href=\"https:\/\/diariotextual.com\/inicio\/index.php\/2026\/04\/27\/soy-coherente-con-la-historia-de-la-pampa-el-equilibrio-fiscal-es-innegociable-dice-ziliotto\/\" tabindex=\"-1\" target=\"_blank\"><div class=\"elementor-post__thumbnail\"><img loading=\"lazy\" decoding=\"async\" width=\"1300\" height=\"867\" src=\"https:\/\/diariotextual.com\/inicio\/wp-content\/uploads\/2026\/03\/ziliottosergiolegislaturaaperturasesiones2026-7.jpg\" class=\"attachment-full size-full wp-image-321103\" alt=\"\" srcset=\"https:\/\/diariotextual.com\/inicio\/wp-content\/uploads\/2026\/03\/ziliottosergiolegislaturaaperturasesiones2026-7.jpg 1300w, https:\/\/diariotextual.com\/inicio\/wp-content\/uploads\/2026\/03\/ziliottosergiolegislaturaaperturasesiones2026-7-300x200.jpg 300w, https:\/\/diariotextual.com\/inicio\/wp-content\/uploads\/2026\/03\/ziliottosergiolegislaturaaperturasesiones2026-7-1024x683.jpg 1024w, https:\/\/diariotextual.com\/inicio\/wp-content\/uploads\/2026\/03\/ziliottosergiolegislaturaaperturasesiones2026-7-768x512.jpg 768w, https:\/\/diariotextual.com\/inicio\/wp-content\/uploads\/2026\/03\/ziliottosergiolegislaturaaperturasesiones2026-7-1170x780.jpg 1170w, https:\/\/diariotextual.com\/inicio\/wp-content\/uploads\/2026\/03\/ziliottosergiolegislaturaaperturasesiones2026-7-585x390.jpg 585w, https:\/\/diariotextual.com\/inicio\/wp-content\/uploads\/2026\/03\/ziliottosergiolegislaturaaperturasesiones2026-7-263x175.jpg 263w\" sizes=\"(max-width: 1300px) 100vw, 1300px\" \/><\/div><\/a>\n\t\t\t\t<div class=\"elementor-post__text\">\n\t\t\t\t<h3 class=\"elementor-post__title\">\n\t\t\t<a href=\"https:\/\/diariotextual.com\/inicio\/index.php\/2026\/04\/27\/soy-coherente-con-la-historia-de-la-pampa-el-equilibrio-fiscal-es-innegociable-dice-ziliotto\/\" target=&quot;_blank&quot;>\n\t\t\t\t\u201cSoy coherente con la historia de La Pampa: el equilibrio fiscal es innegociable\u201d, dice Ziliotto\t\t\t<\/a>\n\t\t<\/h3>\n\t\t\t\t<\/div>\n\t\t\t\t<div class=\"elementor-post__meta-data\">\n\t\t\t\t\t<span class=\"elementor-post-date\">\n\t\t\t27 de abril de 2026\t\t<\/span>\n\t\t\t\t<\/div>\n\t\t\t\t\t<\/div>\n\t\t<\/article>\n\t\t\t\t<article class=\"elementor-post elementor-grid-item post-325815 post type-post status-publish format-standard has-post-thumbnail hentry category-es-noticia category-sociedad\">\n\t\t\t<div class=\"elementor-post__card\">\n\t\t\t\t<a class=\"elementor-post__thumbnail__link\" href=\"https:\/\/diariotextual.com\/inicio\/index.php\/2026\/04\/27\/despacho-favorable-para-declarar-la-emergencia-en-salud-mental\/\" tabindex=\"-1\" target=\"_blank\"><div class=\"elementor-post__thumbnail\"><img loading=\"lazy\" decoding=\"async\" width=\"703\" height=\"389\" src=\"https:\/\/diariotextual.com\/inicio\/wp-content\/uploads\/2024\/07\/saludmental2024-111111.jpg\" class=\"attachment-full size-full wp-image-268283\" alt=\"\" srcset=\"https:\/\/diariotextual.com\/inicio\/wp-content\/uploads\/2024\/07\/saludmental2024-111111.jpg 703w, https:\/\/diariotextual.com\/inicio\/wp-content\/uploads\/2024\/07\/saludmental2024-111111-300x166.jpg 300w, https:\/\/diariotextual.com\/inicio\/wp-content\/uploads\/2024\/07\/saludmental2024-111111-585x324.jpg 585w\" sizes=\"(max-width: 703px) 100vw, 703px\" \/><\/div><\/a>\n\t\t\t\t<div class=\"elementor-post__text\">\n\t\t\t\t<h3 class=\"elementor-post__title\">\n\t\t\t<a href=\"https:\/\/diariotextual.com\/inicio\/index.php\/2026\/04\/27\/despacho-favorable-para-declarar-la-emergencia-en-salud-mental\/\" target=&quot;_blank&quot;>\n\t\t\t\tDespacho favorable para declarar la emergencia en salud mental\t\t\t<\/a>\n\t\t<\/h3>\n\t\t\t\t<\/div>\n\t\t\t\t<div class=\"elementor-post__meta-data\">\n\t\t\t\t\t<span class=\"elementor-post-date\">\n\t\t\t27 de abril de 2026\t\t<\/span>\n\t\t\t\t<\/div>\n\t\t\t\t\t<\/div>\n\t\t<\/article>\n\t\t\t\t<article class=\"elementor-post elementor-grid-item post-325813 post type-post status-publish format-standard has-post-thumbnail hentry category-es-noticia category-sociedad\">\n\t\t\t<div class=\"elementor-post__card\">\n\t\t\t\t<a class=\"elementor-post__thumbnail__link\" href=\"https:\/\/diariotextual.com\/inicio\/index.php\/2026\/04\/27\/madre-condenada-en-pico-dejo-a-su-hijo-en-un-auto-y-se-fue-a-un-bar\/\" tabindex=\"-1\" target=\"_blank\"><div class=\"elementor-post__thumbnail\"><img loading=\"lazy\" decoding=\"async\" width=\"1004\" height=\"565\" src=\"https:\/\/diariotextual.com\/inicio\/wp-content\/uploads\/2021\/05\/cerveza3455.jpg\" class=\"attachment-full size-full wp-image-144438\" alt=\"\" srcset=\"https:\/\/diariotextual.com\/inicio\/wp-content\/uploads\/2021\/05\/cerveza3455.jpg 1004w, https:\/\/diariotextual.com\/inicio\/wp-content\/uploads\/2021\/05\/cerveza3455-300x169.jpg 300w, https:\/\/diariotextual.com\/inicio\/wp-content\/uploads\/2021\/05\/cerveza3455-768x432.jpg 768w, https:\/\/diariotextual.com\/inicio\/wp-content\/uploads\/2021\/05\/cerveza3455-585x329.jpg 585w\" sizes=\"(max-width: 1004px) 100vw, 1004px\" \/><\/div><\/a>\n\t\t\t\t<div class=\"elementor-post__text\">\n\t\t\t\t<h3 class=\"elementor-post__title\">\n\t\t\t<a href=\"https:\/\/diariotextual.com\/inicio\/index.php\/2026\/04\/27\/madre-condenada-en-pico-dejo-a-su-hijo-en-un-auto-y-se-fue-a-un-bar\/\" target=&quot;_blank&quot;>\n\t\t\t\tMadre condenada en Pico: dej\u00f3 a su hijo en un auto y se fue a un bar\t\t\t<\/a>\n\t\t<\/h3>\n\t\t\t\t<\/div>\n\t\t\t\t<div class=\"elementor-post__meta-data\">\n\t\t\t\t\t<span class=\"elementor-post-date\">\n\t\t\t27 de abril de 2026\t\t<\/span>\n\t\t\t\t<\/div>\n\t\t\t\t\t<\/div>\n\t\t<\/article>\n\t\t\t\t<article class=\"elementor-post elementor-grid-item post-325811 post type-post status-publish format-standard has-post-thumbnail hentry category-es-noticia category-sociedad\">\n\t\t\t<div class=\"elementor-post__card\">\n\t\t\t\t<a class=\"elementor-post__thumbnail__link\" href=\"https:\/\/diariotextual.com\/inicio\/index.php\/2026\/04\/27\/se-perdieron-80-mil-puestos-de-trabajo-en-la-industria-desde-la-asuncion-de-milei\/\" tabindex=\"-1\" target=\"_blank\"><div class=\"elementor-post__thumbnail\"><img loading=\"lazy\" decoding=\"async\" width=\"900\" height=\"506\" src=\"https:\/\/diariotextual.com\/inicio\/wp-content\/uploads\/2020\/09\/industriasfabricasempleostelam2020-11.jpg\" class=\"attachment-full size-full wp-image-112888\" alt=\"\" srcset=\"https:\/\/diariotextual.com\/inicio\/wp-content\/uploads\/2020\/09\/industriasfabricasempleostelam2020-11.jpg 900w, https:\/\/diariotextual.com\/inicio\/wp-content\/uploads\/2020\/09\/industriasfabricasempleostelam2020-11-300x169.jpg 300w, https:\/\/diariotextual.com\/inicio\/wp-content\/uploads\/2020\/09\/industriasfabricasempleostelam2020-11-768x432.jpg 768w, https:\/\/diariotextual.com\/inicio\/wp-content\/uploads\/2020\/09\/industriasfabricasempleostelam2020-11-585x329.jpg 585w\" sizes=\"(max-width: 900px) 100vw, 900px\" \/><\/div><\/a>\n\t\t\t\t<div class=\"elementor-post__text\">\n\t\t\t\t<h3 class=\"elementor-post__title\">\n\t\t\t<a href=\"https:\/\/diariotextual.com\/inicio\/index.php\/2026\/04\/27\/se-perdieron-80-mil-puestos-de-trabajo-en-la-industria-desde-la-asuncion-de-milei\/\" target=&quot;_blank&quot;>\n\t\t\t\tSe perdieron 80 mil puestos de trabajo en la industria desde la asunci\u00f3n de Milei\t\t\t<\/a>\n\t\t<\/h3>\n\t\t\t\t<\/div>\n\t\t\t\t<div class=\"elementor-post__meta-data\">\n\t\t\t\t\t<span class=\"elementor-post-date\">\n\t\t\t27 de abril de 2026\t\t<\/span>\n\t\t\t\t<\/div>\n\t\t\t\t\t<\/div>\n\t\t<\/article>\n\t\t\t\t<article class=\"elementor-post elementor-grid-item post-325807 post type-post status-publish format-standard has-post-thumbnail hentry category-es-noticia category-sociedad\">\n\t\t\t<div class=\"elementor-post__card\">\n\t\t\t\t<a class=\"elementor-post__thumbnail__link\" href=\"https:\/\/diariotextual.com\/inicio\/index.php\/2026\/04\/27\/una-historica-planta-de-electrodomesticos-deja-de-producir-heladeras-y-echara-al-personal-en-rosario\/\" tabindex=\"-1\" target=\"_blank\"><div class=\"elementor-post__thumbnail\"><img loading=\"lazy\" decoding=\"async\" width=\"938\" height=\"527\" src=\"https:\/\/diariotextual.com\/inicio\/wp-content\/uploads\/2026\/04\/electrolux-trabajadores.jpg\" class=\"attachment-full size-full wp-image-325808\" alt=\"\" srcset=\"https:\/\/diariotextual.com\/inicio\/wp-content\/uploads\/2026\/04\/electrolux-trabajadores.jpg 938w, https:\/\/diariotextual.com\/inicio\/wp-content\/uploads\/2026\/04\/electrolux-trabajadores-300x169.jpg 300w, https:\/\/diariotextual.com\/inicio\/wp-content\/uploads\/2026\/04\/electrolux-trabajadores-768x431.jpg 768w, https:\/\/diariotextual.com\/inicio\/wp-content\/uploads\/2026\/04\/electrolux-trabajadores-585x329.jpg 585w\" sizes=\"(max-width: 938px) 100vw, 938px\" \/><\/div><\/a>\n\t\t\t\t<div class=\"elementor-post__text\">\n\t\t\t\t<h3 class=\"elementor-post__title\">\n\t\t\t<a href=\"https:\/\/diariotextual.com\/inicio\/index.php\/2026\/04\/27\/una-historica-planta-de-electrodomesticos-deja-de-producir-heladeras-y-echara-al-personal-en-rosario\/\" target=&quot;_blank&quot;>\n\t\t\t\tUna hist\u00f3rica planta de electrodom\u00e9sticos deja de producir heladeras y echar\u00e1 al personal en Rosario\t\t\t<\/a>\n\t\t<\/h3>\n\t\t\t\t<\/div>\n\t\t\t\t<div class=\"elementor-post__meta-data\">\n\t\t\t\t\t<span class=\"elementor-post-date\">\n\t\t\t27 de abril de 2026\t\t<\/span>\n\t\t\t\t<\/div>\n\t\t\t\t\t<\/div>\n\t\t<\/article>\n\t\t\t\t<article class=\"elementor-post elementor-grid-item post-325804 post type-post status-publish format-standard has-post-thumbnail hentry category-es-noticia category-sociedad\">\n\t\t\t<div class=\"elementor-post__card\">\n\t\t\t\t<a class=\"elementor-post__thumbnail__link\" href=\"https:\/\/diariotextual.com\/inicio\/index.php\/2026\/04\/27\/robo-en-carniceria-de-toay-allanamientos-y-dos-demorados\/\" tabindex=\"-1\" target=\"_blank\"><div class=\"elementor-post__thumbnail\"><img loading=\"lazy\" decoding=\"async\" width=\"1357\" height=\"662\" src=\"https:\/\/diariotextual.com\/inicio\/wp-content\/uploads\/2026\/04\/allanamientotoay2026-9999.jpg\" class=\"attachment-full size-full wp-image-325805\" alt=\"\" srcset=\"https:\/\/diariotextual.com\/inicio\/wp-content\/uploads\/2026\/04\/allanamientotoay2026-9999.jpg 1357w, https:\/\/diariotextual.com\/inicio\/wp-content\/uploads\/2026\/04\/allanamientotoay2026-9999-300x146.jpg 300w, https:\/\/diariotextual.com\/inicio\/wp-content\/uploads\/2026\/04\/allanamientotoay2026-9999-1024x500.jpg 1024w, https:\/\/diariotextual.com\/inicio\/wp-content\/uploads\/2026\/04\/allanamientotoay2026-9999-768x375.jpg 768w, https:\/\/diariotextual.com\/inicio\/wp-content\/uploads\/2026\/04\/allanamientotoay2026-9999-1170x571.jpg 1170w, https:\/\/diariotextual.com\/inicio\/wp-content\/uploads\/2026\/04\/allanamientotoay2026-9999-585x285.jpg 585w\" sizes=\"(max-width: 1357px) 100vw, 1357px\" \/><\/div><\/a>\n\t\t\t\t<div class=\"elementor-post__text\">\n\t\t\t\t<h3 class=\"elementor-post__title\">\n\t\t\t<a href=\"https:\/\/diariotextual.com\/inicio\/index.php\/2026\/04\/27\/robo-en-carniceria-de-toay-allanamientos-y-dos-demorados\/\" target=&quot;_blank&quot;>\n\t\t\t\tRobo en carnicer\u00eda de Toay: allanamientos y dos demorados\t\t\t<\/a>\n\t\t<\/h3>\n\t\t\t\t<\/div>\n\t\t\t\t<div class=\"elementor-post__meta-data\">\n\t\t\t\t\t<span class=\"elementor-post-date\">\n\t\t\t27 de abril de 2026\t\t<\/span>\n\t\t\t\t<\/div>\n\t\t\t\t\t<\/div>\n\t\t<\/article>\n\t\t\t\t<article class=\"elementor-post elementor-grid-item post-325802 post type-post status-publish format-standard has-post-thumbnail hentry category-portada-2 category-sociedad\">\n\t\t\t<div class=\"elementor-post__card\">\n\t\t\t\t<a class=\"elementor-post__thumbnail__link\" href=\"https:\/\/diariotextual.com\/inicio\/index.php\/2026\/04\/27\/arranco-la-semana-de-paro-de-la-docencia-universitaria\/\" tabindex=\"-1\" target=\"_blank\"><div class=\"elementor-post__thumbnail\"><img loading=\"lazy\" decoding=\"async\" width=\"1218\" height=\"785\" src=\"https:\/\/diariotextual.com\/inicio\/wp-content\/uploads\/2025\/06\/unlpam2025-1.jpg\" class=\"attachment-full size-full wp-image-297968\" alt=\"\" srcset=\"https:\/\/diariotextual.com\/inicio\/wp-content\/uploads\/2025\/06\/unlpam2025-1.jpg 1218w, https:\/\/diariotextual.com\/inicio\/wp-content\/uploads\/2025\/06\/unlpam2025-1-300x193.jpg 300w, https:\/\/diariotextual.com\/inicio\/wp-content\/uploads\/2025\/06\/unlpam2025-1-1024x660.jpg 1024w, https:\/\/diariotextual.com\/inicio\/wp-content\/uploads\/2025\/06\/unlpam2025-1-768x495.jpg 768w, https:\/\/diariotextual.com\/inicio\/wp-content\/uploads\/2025\/06\/unlpam2025-1-1170x754.jpg 1170w, https:\/\/diariotextual.com\/inicio\/wp-content\/uploads\/2025\/06\/unlpam2025-1-585x377.jpg 585w\" sizes=\"(max-width: 1218px) 100vw, 1218px\" \/><\/div><\/a>\n\t\t\t\t<div class=\"elementor-post__text\">\n\t\t\t\t<h3 class=\"elementor-post__title\">\n\t\t\t<a href=\"https:\/\/diariotextual.com\/inicio\/index.php\/2026\/04\/27\/arranco-la-semana-de-paro-de-la-docencia-universitaria\/\" target=&quot;_blank&quot;>\n\t\t\t\tArranc\u00f3 la semana de paro de la docencia universitaria\t\t\t<\/a>\n\t\t<\/h3>\n\t\t\t\t<\/div>\n\t\t\t\t<div class=\"elementor-post__meta-data\">\n\t\t\t\t\t<span class=\"elementor-post-date\">\n\t\t\t27 de abril de 2026\t\t<\/span>\n\t\t\t\t<\/div>\n\t\t\t\t\t<\/div>\n\t\t<\/article>\n\t\t\t\t<article class=\"elementor-post elementor-grid-item post-325799 post type-post status-publish format-standard has-post-thumbnail hentry category-portada-2 category-sociedad\">\n\t\t\t<div class=\"elementor-post__card\">\n\t\t\t\t<a class=\"elementor-post__thumbnail__link\" href=\"https:\/\/diariotextual.com\/inicio\/index.php\/2026\/04\/27\/discapacidad-van-a-dejar-sin-cobertura-a-miles-de-personas\/\" tabindex=\"-1\" target=\"_blank\"><div class=\"elementor-post__thumbnail\"><img loading=\"lazy\" decoding=\"async\" width=\"1200\" height=\"900\" src=\"https:\/\/diariotextual.com\/inicio\/wp-content\/uploads\/2026\/04\/discapacidadmanifestacionensantarosa2026-7.jpg\" class=\"attachment-full size-full wp-image-325501\" alt=\"\" srcset=\"https:\/\/diariotextual.com\/inicio\/wp-content\/uploads\/2026\/04\/discapacidadmanifestacionensantarosa2026-7.jpg 1200w, https:\/\/diariotextual.com\/inicio\/wp-content\/uploads\/2026\/04\/discapacidadmanifestacionensantarosa2026-7-300x225.jpg 300w, https:\/\/diariotextual.com\/inicio\/wp-content\/uploads\/2026\/04\/discapacidadmanifestacionensantarosa2026-7-1024x768.jpg 1024w, https:\/\/diariotextual.com\/inicio\/wp-content\/uploads\/2026\/04\/discapacidadmanifestacionensantarosa2026-7-768x576.jpg 768w, https:\/\/diariotextual.com\/inicio\/wp-content\/uploads\/2026\/04\/discapacidadmanifestacionensantarosa2026-7-1170x878.jpg 1170w, https:\/\/diariotextual.com\/inicio\/wp-content\/uploads\/2026\/04\/discapacidadmanifestacionensantarosa2026-7-585x439.jpg 585w\" sizes=\"(max-width: 1200px) 100vw, 1200px\" \/><\/div><\/a>\n\t\t\t\t<div class=\"elementor-post__text\">\n\t\t\t\t<h3 class=\"elementor-post__title\">\n\t\t\t<a href=\"https:\/\/diariotextual.com\/inicio\/index.php\/2026\/04\/27\/discapacidad-van-a-dejar-sin-cobertura-a-miles-de-personas\/\" target=&quot;_blank&quot;>\n\t\t\t\tDiscapacidad: \u201cVan a dejar sin cobertura a miles de personas\u201d\t\t\t<\/a>\n\t\t<\/h3>\n\t\t\t\t<\/div>\n\t\t\t\t<div class=\"elementor-post__meta-data\">\n\t\t\t\t\t<span class=\"elementor-post-date\">\n\t\t\t27 de abril de 2026\t\t<\/span>\n\t\t\t\t<\/div>\n\t\t\t\t\t<\/div>\n\t\t<\/article>\n\t\t\t\t<\/div>\n\t\t\n\t\t\t\t\t\t<\/div>\n\t\t\t\t<\/div>\n\t\t\t\t\t<\/div>\n\t\t<\/div>\n\t\t\t\t<div class=\"elementor-column elementor-col-50 elementor-top-column elementor-element elementor-element-ba4bf67\" data-id=\"ba4bf67\" data-element_type=\"column\" data-e-type=\"column\">\n\t\t\t<div class=\"elementor-widget-wrap elementor-element-populated\">\n\t\t\t\t\t\t\t<\/div>\n\t\t<\/div>\n\t\t\t\t\t<\/div>\n\t\t<\/section>\n\t\t\t\t<section class=\"elementor-section elementor-top-section elementor-element elementor-element-db697bf elementor-section-boxed elementor-section-height-default elementor-section-height-default\" data-id=\"db697bf\" data-element_type=\"section\" data-e-type=\"section\">\n\t\t\t\t\t\t<div class=\"elementor-container elementor-column-gap-default\">\n\t\t\t\t\t<div class=\"elementor-column elementor-col-100 elementor-top-column elementor-element elementor-element-ced6d93\" data-id=\"ced6d93\" data-element_type=\"column\" data-e-type=\"column\">\n\t\t\t<div class=\"elementor-widget-wrap\">\n\t\t\t\t\t\t\t<\/div>\n\t\t<\/div>\n\t\t\t\t\t<\/div>\n\t\t<\/section>\n\t\t\t\t<\/div>\n\t\t","protected":false},"excerpt":{"rendered":"<p>Radio Textual ACTUALIDAD QUE PASA<\/p>\n","protected":false},"author":1,"featured_media":0,"parent":0,"menu_order":0,"comment_status":"closed","ping_status":"closed","template":"elementor_header_footer","meta":{"_acf_changed":false,"footnotes":""},"class_list":["post-179103","page","type-page","status-publish","hentry"],"acf":[],"yoast_head":"<!-- This site is optimized with the Yoast SEO plugin v27.4 - https:\/\/yoast.com\/product\/yoast-seo-wordpress\/ -->\n<title>Diario Textual<\/title>\n<meta name=\"robots\" content=\"index, follow, max-snippet:-1, max-image-preview:large, max-video-preview:-1\" \/>\n<link rel=\"canonical\" href=\"https:\/\/diariotextual.com\/inicio\/\" \/>\n<meta property=\"og:locale\" content=\"es_ES\" \/>\n<meta property=\"og:type\" content=\"article\" \/>\n<meta property=\"og:title\" content=\"Diario Textual\" \/>\n<meta property=\"og:description\" content=\"Radio Textual ACTUALIDAD QUE PASA\" \/>\n<meta property=\"og:url\" content=\"https:\/\/diariotextual.com\/inicio\/\" \/>\n<meta property=\"og:site_name\" content=\"Diario Textual\" \/>\n<meta property=\"article:publisher\" content=\"https:\/\/www.facebook.com\/eltextual\" \/>\n<meta property=\"article:modified_time\" content=\"2026-04-28T01:13:03+00:00\" \/>\n<meta property=\"og:image\" content=\"https:\/\/diariotextual.com\/inicio\/wp-content\/uploads\/2022\/07\/escucha-en-vivo-1.png\" \/>\n\t<meta property=\"og:image:width\" content=\"450\" \/>\n\t<meta property=\"og:image:height\" content=\"200\" \/>\n\t<meta property=\"og:image:type\" content=\"image\/png\" \/>\n<meta name=\"twitter:card\" content=\"summary_large_image\" \/>\n<meta name=\"twitter:site\" content=\"@eltextual\" \/>\n<meta name=\"twitter:label1\" content=\"Tiempo de lectura\" \/>\n\t<meta name=\"twitter:data1\" content=\"15 minutos\" \/>\n<script type=\"application\/ld+json\" class=\"yoast-schema-graph\">{\"@context\":\"https:\\\/\\\/schema.org\",\"@graph\":[{\"@type\":\"WebPage\",\"@id\":\"https:\\\/\\\/diariotextual.com\\\/inicio\\\/\",\"url\":\"https:\\\/\\\/diariotextual.com\\\/inicio\\\/\",\"name\":\"Diario Textual\",\"isPartOf\":{\"@id\":\"https:\\\/\\\/diariotextual.com\\\/inicio\\\/#website\"},\"primaryImageOfPage\":{\"@id\":\"https:\\\/\\\/diariotextual.com\\\/inicio\\\/#primaryimage\"},\"image\":{\"@id\":\"https:\\\/\\\/diariotextual.com\\\/inicio\\\/#primaryimage\"},\"thumbnailUrl\":\"https:\\\/\\\/diariotextual.com\\\/inicio\\\/wp-content\\\/uploads\\\/2022\\\/07\\\/escucha-en-vivo-1.png\",\"datePublished\":\"2022-02-14T18:32:19+00:00\",\"dateModified\":\"2026-04-28T01:13:03+00:00\",\"breadcrumb\":{\"@id\":\"https:\\\/\\\/diariotextual.com\\\/inicio\\\/#breadcrumb\"},\"inLanguage\":\"es\",\"potentialAction\":[{\"@type\":\"ReadAction\",\"target\":[\"https:\\\/\\\/diariotextual.com\\\/inicio\\\/\"]}]},{\"@type\":\"ImageObject\",\"inLanguage\":\"es\",\"@id\":\"https:\\\/\\\/diariotextual.com\\\/inicio\\\/#primaryimage\",\"url\":\"https:\\\/\\\/diariotextual.com\\\/inicio\\\/wp-content\\\/uploads\\\/2022\\\/07\\\/escucha-en-vivo-1.png\",\"contentUrl\":\"https:\\\/\\\/diariotextual.com\\\/inicio\\\/wp-content\\\/uploads\\\/2022\\\/07\\\/escucha-en-vivo-1.png\",\"width\":450,\"height\":200},{\"@type\":\"BreadcrumbList\",\"@id\":\"https:\\\/\\\/diariotextual.com\\\/inicio\\\/#breadcrumb\",\"itemListElement\":[{\"@type\":\"ListItem\",\"position\":1,\"name\":\"Portada\",\"item\":\"https:\\\/\\\/diariotextual.com\\\/inicio\\\/\"},{\"@type\":\"ListItem\",\"position\":2,\"name\":\"Diario Textual\"}]},{\"@type\":\"WebSite\",\"@id\":\"https:\\\/\\\/diariotextual.com\\\/inicio\\\/#website\",\"url\":\"https:\\\/\\\/diariotextual.com\\\/inicio\\\/\",\"name\":\"Diario Textual\",\"description\":\"\",\"publisher\":{\"@id\":\"https:\\\/\\\/diariotextual.com\\\/inicio\\\/#organization\"},\"potentialAction\":[{\"@type\":\"SearchAction\",\"target\":{\"@type\":\"EntryPoint\",\"urlTemplate\":\"https:\\\/\\\/diariotextual.com\\\/inicio\\\/?s={search_term_string}\"},\"query-input\":{\"@type\":\"PropertyValueSpecification\",\"valueRequired\":true,\"valueName\":\"search_term_string\"}}],\"inLanguage\":\"es\"},{\"@type\":\"Organization\",\"@id\":\"https:\\\/\\\/diariotextual.com\\\/inicio\\\/#organization\",\"name\":\"Diario Textual\",\"url\":\"https:\\\/\\\/diariotextual.com\\\/inicio\\\/\",\"logo\":{\"@type\":\"ImageObject\",\"inLanguage\":\"es\",\"@id\":\"https:\\\/\\\/diariotextual.com\\\/inicio\\\/#\\\/schema\\\/logo\\\/image\\\/\",\"url\":\"https:\\\/\\\/diariotextual.com\\\/inicio\\\/wp-content\\\/uploads\\\/2023\\\/05\\\/logotextual1.jpg\",\"contentUrl\":\"https:\\\/\\\/diariotextual.com\\\/inicio\\\/wp-content\\\/uploads\\\/2023\\\/05\\\/logotextual1.jpg\",\"width\":516,\"height\":76,\"caption\":\"Diario Textual\"},\"image\":{\"@id\":\"https:\\\/\\\/diariotextual.com\\\/inicio\\\/#\\\/schema\\\/logo\\\/image\\\/\"},\"sameAs\":[\"https:\\\/\\\/www.facebook.com\\\/eltextual\",\"https:\\\/\\\/x.com\\\/eltextual\",\"http:\\\/\\\/www.instagram.com\\\/eltextual\"]}]}<\/script>\n<!-- \/ Yoast SEO plugin. -->","yoast_head_json":{"title":"Diario Textual","robots":{"index":"index","follow":"follow","max-snippet":"max-snippet:-1","max-image-preview":"max-image-preview:large","max-video-preview":"max-video-preview:-1"},"canonical":"https:\/\/diariotextual.com\/inicio\/","og_locale":"es_ES","og_type":"article","og_title":"Diario Textual","og_description":"Radio Textual ACTUALIDAD QUE PASA","og_url":"https:\/\/diariotextual.com\/inicio\/","og_site_name":"Diario Textual","article_publisher":"https:\/\/www.facebook.com\/eltextual","article_modified_time":"2026-04-28T01:13:03+00:00","og_image":[{"width":450,"height":200,"url":"https:\/\/diariotextual.com\/inicio\/wp-content\/uploads\/2022\/07\/escucha-en-vivo-1.png","type":"image\/png"}],"twitter_card":"summary_large_image","twitter_site":"@eltextual","twitter_misc":{"Tiempo de lectura":"15 minutos"},"schema":{"@context":"https:\/\/schema.org","@graph":[{"@type":"WebPage","@id":"https:\/\/diariotextual.com\/inicio\/","url":"https:\/\/diariotextual.com\/inicio\/","name":"Diario Textual","isPartOf":{"@id":"https:\/\/diariotextual.com\/inicio\/#website"},"primaryImageOfPage":{"@id":"https:\/\/diariotextual.com\/inicio\/#primaryimage"},"image":{"@id":"https:\/\/diariotextual.com\/inicio\/#primaryimage"},"thumbnailUrl":"https:\/\/diariotextual.com\/inicio\/wp-content\/uploads\/2022\/07\/escucha-en-vivo-1.png","datePublished":"2022-02-14T18:32:19+00:00","dateModified":"2026-04-28T01:13:03+00:00","breadcrumb":{"@id":"https:\/\/diariotextual.com\/inicio\/#breadcrumb"},"inLanguage":"es","potentialAction":[{"@type":"ReadAction","target":["https:\/\/diariotextual.com\/inicio\/"]}]},{"@type":"ImageObject","inLanguage":"es","@id":"https:\/\/diariotextual.com\/inicio\/#primaryimage","url":"https:\/\/diariotextual.com\/inicio\/wp-content\/uploads\/2022\/07\/escucha-en-vivo-1.png","contentUrl":"https:\/\/diariotextual.com\/inicio\/wp-content\/uploads\/2022\/07\/escucha-en-vivo-1.png","width":450,"height":200},{"@type":"BreadcrumbList","@id":"https:\/\/diariotextual.com\/inicio\/#breadcrumb","itemListElement":[{"@type":"ListItem","position":1,"name":"Portada","item":"https:\/\/diariotextual.com\/inicio\/"},{"@type":"ListItem","position":2,"name":"Diario Textual"}]},{"@type":"WebSite","@id":"https:\/\/diariotextual.com\/inicio\/#website","url":"https:\/\/diariotextual.com\/inicio\/","name":"Diario Textual","description":"","publisher":{"@id":"https:\/\/diariotextual.com\/inicio\/#organization"},"potentialAction":[{"@type":"SearchAction","target":{"@type":"EntryPoint","urlTemplate":"https:\/\/diariotextual.com\/inicio\/?s={search_term_string}"},"query-input":{"@type":"PropertyValueSpecification","valueRequired":true,"valueName":"search_term_string"}}],"inLanguage":"es"},{"@type":"Organization","@id":"https:\/\/diariotextual.com\/inicio\/#organization","name":"Diario Textual","url":"https:\/\/diariotextual.com\/inicio\/","logo":{"@type":"ImageObject","inLanguage":"es","@id":"https:\/\/diariotextual.com\/inicio\/#\/schema\/logo\/image\/","url":"https:\/\/diariotextual.com\/inicio\/wp-content\/uploads\/2023\/05\/logotextual1.jpg","contentUrl":"https:\/\/diariotextual.com\/inicio\/wp-content\/uploads\/2023\/05\/logotextual1.jpg","width":516,"height":76,"caption":"Diario Textual"},"image":{"@id":"https:\/\/diariotextual.com\/inicio\/#\/schema\/logo\/image\/"},"sameAs":["https:\/\/www.facebook.com\/eltextual","https:\/\/x.com\/eltextual","http:\/\/www.instagram.com\/eltextual"]}]}},"_links":{"self":[{"href":"https:\/\/diariotextual.com\/inicio\/index.php\/wp-json\/wp\/v2\/pages\/179103","targetHints":{"allow":["GET"]}}],"collection":[{"href":"https:\/\/diariotextual.com\/inicio\/index.php\/wp-json\/wp\/v2\/pages"}],"about":[{"href":"https:\/\/diariotextual.com\/inicio\/index.php\/wp-json\/wp\/v2\/types\/page"}],"author":[{"embeddable":true,"href":"https:\/\/diariotextual.com\/inicio\/index.php\/wp-json\/wp\/v2\/users\/1"}],"replies":[{"embeddable":true,"href":"https:\/\/diariotextual.com\/inicio\/index.php\/wp-json\/wp\/v2\/comments?post=179103"}],"version-history":[{"count":5685,"href":"https:\/\/diariotextual.com\/inicio\/index.php\/wp-json\/wp\/v2\/pages\/179103\/revisions"}],"predecessor-version":[{"id":325836,"href":"https:\/\/diariotextual.com\/inicio\/index.php\/wp-json\/wp\/v2\/pages\/179103\/revisions\/325836"}],"wp:attachment":[{"href":"https:\/\/diariotextual.com\/inicio\/index.php\/wp-json\/wp\/v2\/media?parent=179103"}],"curies":[{"name":"wp","href":"https:\/\/api.w.org\/{rel}","templated":true}]}}